{"id":225151,"date":"2022-07-28T10:57:05","date_gmt":"2022-07-28T10:57:05","guid":{"rendered":"https:\/\/beta.gmf.eus\/?page_id=225151"},"modified":"2024-12-09T15:07:29","modified_gmt":"2024-12-09T13:07:29","slug":"eskola-mendi","status":"publish","type":"page","link":"https:\/\/www.gmf.eus\/eu\/eskola-mendi\/","title":{"rendered":"Eskola mendi"},"content":{"rendered":"<p>[et_pb_section fb_built=&#8221;1&#8243; _builder_version=&#8221;4.16&#8243; _module_preset=&#8221;default&#8221; custom_padding=&#8221;||0px|||&#8221; locked=&#8221;off&#8221; global_colors_info=&#8221;{}&#8221;][et_pb_row _builder_version=&#8221;4.16&#8243; _module_preset=&#8221;default&#8221; custom_padding=&#8221;||0px|||&#8221; global_colors_info=&#8221;{}&#8221;][et_pb_column type=&#8221;4_4&#8243; _builder_version=&#8221;4.16&#8243; _module_preset=&#8221;default&#8221; global_colors_info=&#8221;{}&#8221;][et_pb_post_title meta=&#8221;off&#8221; featured_image=&#8221;off&#8221; _builder_version=&#8221;4.16&#8243; _module_preset=&#8221;default&#8221; title_font=&#8221;|||on|||||&#8221; title_text_color=&#8221;#35679B&#8221; global_colors_info=&#8221;{}&#8221;][\/et_pb_post_title][\/et_pb_column][\/et_pb_row][\/et_pb_section][et_pb_section fb_built=&#8221;1&#8243; _builder_version=&#8221;4.16&#8243; _module_preset=&#8221;default&#8221; custom_padding=&#8221;0px||0px|||&#8221; locked=&#8221;off&#8221; global_colors_info=&#8221;{}&#8221;][et_pb_row admin_label=&#8221;Quienes Somos&#8221; module_id=&#8221;quienes-somos&#8221; _builder_version=&#8221;4.16&#8243; _module_preset=&#8221;default&#8221; custom_padding=&#8221;||||false|false&#8221; global_colors_info=&#8221;{}&#8221;][et_pb_column type=&#8221;4_4&#8243; _builder_version=&#8221;4.16&#8243; _module_preset=&#8221;default&#8221; global_colors_info=&#8221;{}&#8221;][et_pb_text _builder_version=&#8221;4.17.6&#8243; _module_preset=&#8221;default&#8221; quote_font=&#8221;|700|||||||&#8221; quote_text_color=&#8221;#35679B&#8221; header_2_font=&#8221;||on||on||||&#8221; header_2_text_color=&#8221;#4AA000&#8243; header_2_font_size=&#8221;24px&#8221; custom_margin=&#8221;||||false|false&#8221; global_colors_info=&#8221;{}&#8221;]<\/p>\n<h2>Aurkezpena<\/h2>\n<p>Gipuzkoako Mendizale Federazioak, Gipuzkoako Foru Aldundiak sustatzen duen Eskola Mendizaletasunaren kanpainan kide izanda, egitaraua berriro aurkezten du erabat eguneratuta, jarduera berriak sartuta.<\/p>\n<p>Ondo bereiztutako lau ardatzek osatzen dute egitaraua:<\/p>\n<ul>\n<li><a href=\"#a\" title=\"A. ESKOLARTEKO LEHIAKETA\"><strong>A. ESKOLARTEKO LEHIAKETA<\/strong><\/a><br \/>Ikasleen artean Mendizaletasuna sustatzeko asmoarekin, partaideak jarritako helburuak betetzerakoan, Finalista bezala sailkatzen dira eta diploma egiaztatzailea jasotzen dute. <\/li>\n<li><a href=\"#b\" title=\"B. MENDIKO GELA: Hastapen tailerrak.\"><strong>B. MENDIKO GELA: Hastapen tailerrak.<\/strong><\/a><br \/>Tailer entretenigarri batzuen bitartez, ikasleek, mendiko jarduera zabal eta era askotarikoak ezagutzeko aukera daukate. Egitarau inklusiboa da, beraz, tailer guztietan urritasunen bat duten ikasleek ere parte har dezakete, horietako jarduera batzuk bereziki egokituta egonda. <\/li>\n<li><a href=\"#c\" title=\"C. ESKALADAKO JARDUNALDIAK.\"><strong>C. ESKALADAKO JARDUNALDIAK.<\/strong><\/a><br \/>Ikasle asko dira diziplina honek ematen dituen sentsazioengatik erakarrita sentitzen direnak. Batzen dituen zaletasuna praktikatuz, ikasleek beste ikastetxeetako ikasleekin ezagutu eta elkarrekin aritzeko helburuarekin, besteekiko beren abileziak neurtu ditzakete antolatutako topaketan eta bouldereko bi probetan. <\/li>\n<li><a href=\"#d\" title=\"D. ORIENTAZIOKO PROBAK. \"><strong>D. ORIENTAZIOKO PROBAK. <\/strong><\/a><br \/>Ikasleek kirol orientazioa ezagutuz eta praktikatuz gozatzeko asmoz, beste herrietako ikasleekin partekatu eta iparorratzarekin nola maparekin beren trebetasunak erakusteko helburuarekin, bi proba ospatuko dira. <\/li>\n<\/ul>\n<blockquote>\n<p>Jarduera inklusiboa: Partaideen gelan urritasunen bat duen ikaslerik baldin badago, berak ere parte har dezake gelakideekin. Egokituta dago ere ikastetxe desberdineko urritasuna duten ikasleekin eratutako taldeentzat. Gurasoek ere ibilbidea egin dezakete beren seme-alabekin batera. Lehentasunez jardueraren data eta tokia informatuko da.<\/p>\n<\/blockquote>\n<p>[\/et_pb_text][et_pb_button button_url=&#8221;https:\/\/www.dropbox.com\/scl\/fi\/373d6d9fid2fnwn1qha33\/Protocolo.pdf?rlkey=7acnqvl557rydw2gtiygrlsdl&#038;st=m1e4t2vj&#038;dl=0&#8243; button_text=&#8221;HAURRAK ETA NERABEAK BABESTEKO PROTOKOLOA&#8221; button_alignment=&#8221;center&#8221; _builder_version=&#8221;4.27.4&#8243; _module_preset=&#8221;default&#8221; custom_button=&#8221;on&#8221; button_text_size=&#8221;16px&#8221; button_icon=&#8221;&#xf1c1;||fa||900&#8243; button_icon_placement=&#8221;left&#8221; button_on_hover=&#8221;off&#8221; hover_enabled=&#8221;0&#8243; locked=&#8221;off&#8221; global_colors_info=&#8221;{}&#8221; url_new_window=&#8221;on&#8221; sticky_enabled=&#8221;0&#8243;][\/et_pb_button][et_pb_button button_url=&#8221;https:\/\/www.dropbox.com\/scl\/fi\/ba6gtf8hsg3vueeid25mv\/Haurrak-eta-mendia-egitasmoa.pdf?rlkey=fnz3siiuae14imu0uk5qtejlc&#038;dl=0&#8243; button_text=&#8221;HAURREN ARTEAN MENDIZALETASUNA SUSTATZEKO EGITASMOA&#8221; button_alignment=&#8221;center&#8221; _builder_version=&#8221;4.27.4&#8243; _module_preset=&#8221;default&#8221; custom_button=&#8221;on&#8221; button_text_size=&#8221;16px&#8221; button_icon=&#8221;&#xf1c1;||fa||900&#8243; button_icon_placement=&#8221;left&#8221; button_on_hover=&#8221;off&#8221; hover_enabled=&#8221;0&#8243; locked=&#8221;off&#8221; global_colors_info=&#8221;{}&#8221; sticky_enabled=&#8221;0&#8243;][\/et_pb_button][\/et_pb_column][\/et_pb_row][\/et_pb_section][et_pb_section fb_built=&#8221;1&#8243; module_id=&#8221;a&#8221; _builder_version=&#8221;4.16&#8243; _module_preset=&#8221;default&#8221; custom_padding=&#8221;0px||0px|||&#8221; locked=&#8221;off&#8221; global_colors_info=&#8221;{}&#8221;][et_pb_row admin_label=&#8221;Junta directiva&#8221; module_id=&#8221;junta-directiva&#8221; _builder_version=&#8221;4.16&#8243; _module_preset=&#8221;default&#8221; custom_padding=&#8221;||||false|false&#8221; global_colors_info=&#8221;{}&#8221;][et_pb_column type=&#8221;4_4&#8243; _builder_version=&#8221;4.16&#8243; _module_preset=&#8221;default&#8221; global_colors_info=&#8221;{}&#8221;][et_pb_text _builder_version=&#8221;4.18.0&#8243; _module_preset=&#8221;default&#8221; header_2_font=&#8221;||on||on||||&#8221; header_2_text_color=&#8221;#4AA000&#8243; header_2_font_size=&#8221;24px&#8221; custom_margin=&#8221;||||false|false&#8221; global_colors_info=&#8221;{}&#8221;]<\/p>\n<h2>A. Mendi lehiaketa<\/h2>\n<p>Mendirako zaletasuna bultzatzeko asmoz antolatu ohi dugu eskola arteko mendi lehiaketa. Parte hartu ahal izateko urriaren bukaera baino lehen eman behar da izena Gipuzkoako Foru Aldundian.<\/p>\n<p>Gipuzkoako edozein ikastetxek har dezake parte, nahi duen eskola-ume kopuruarekin, prebenjaminetatik hasita kadeteetaraino. Izen-ematea dohainik da.<\/p>\n<p>Lehiaketan zehar egiten dituzten desplazamenduen truke ikastetxeek diru laguntza jasoko dute. Helburu hauek bete behar dira sailkatzeko: Euskal Herriko lau tontorretara igo, bi senderismoko ibilbide motz, PR (ibili tontorretarako igoaldiak eta ibilbide motzak ikastetxe bakoitzak nahi dituen datetan egin ditzake) eta martxoko 5 ibilaldi neurtuetako batean parte hartu. Guztira 7 irteera izango lirateke, eta araututako ibilaldi neurtuan parte hartu ezean, guztira 8 irteera osatu beharko dira. Gurasoek ere parte har dezakete. Lehentasunez ospakizunaren lekua informatuko da.<\/p>\n<p>[\/et_pb_text][\/et_pb_column][\/et_pb_row][et_pb_row column_structure=&#8221;1_2,1_2&#8243; admin_label=&#8221;Junta directiva&#8221; module_id=&#8221;junta-directiva&#8221; _builder_version=&#8221;4.16&#8243; _module_preset=&#8221;default&#8221; custom_padding=&#8221;||||false|false&#8221; global_colors_info=&#8221;{}&#8221;][et_pb_column type=&#8221;1_2&#8243; _builder_version=&#8221;4.16&#8243; _module_preset=&#8221;default&#8221; global_colors_info=&#8221;{}&#8221;][et_pb_image src=&#8221;https:\/\/www.gmf.eus\/wp-content\/uploads\/2022\/01\/eskola_mendi_concurso_1.jpg&#8221; alt=&#8221;Eskola kirola&#8221; title_text=&#8221;eskola_mendi_concurso_1&#8243; _builder_version=&#8221;4.16&#8243; _module_preset=&#8221;default&#8221; global_colors_info=&#8221;{}&#8221;][\/et_pb_image][\/et_pb_column][et_pb_column type=&#8221;1_2&#8243; _builder_version=&#8221;4.16&#8243; _module_preset=&#8221;default&#8221; global_colors_info=&#8221;{}&#8221;][et_pb_image src=&#8221;https:\/\/www.gmf.eus\/wp-content\/uploads\/2022\/01\/eskola_mendi_concurso_2.jpg&#8221; alt=&#8221;deporte escolar&#8221; title_text=&#8221;eskola_mendi_concurso_2&#8243; _builder_version=&#8221;4.16&#8243; _module_preset=&#8221;default&#8221; global_colors_info=&#8221;{}&#8221;][\/et_pb_image][\/et_pb_column][\/et_pb_row][et_pb_row admin_label=&#8221;Junta directiva&#8221; module_id=&#8221;junta-directiva&#8221; _builder_version=&#8221;4.16&#8243; _module_preset=&#8221;default&#8221; custom_padding=&#8221;||||false|false&#8221; global_colors_info=&#8221;{}&#8221;][et_pb_column type=&#8221;4_4&#8243; _builder_version=&#8221;4.16&#8243; _module_preset=&#8221;default&#8221; global_colors_info=&#8221;{}&#8221;][et_pb_text _builder_version=&#8221;4.17.6&#8243; _module_preset=&#8221;default&#8221; header_2_font=&#8221;||on||on||||&#8221; header_2_text_color=&#8221;#4AA000&#8243; header_2_font_size=&#8221;24px&#8221; custom_margin=&#8221;||||false|false&#8221; global_colors_info=&#8221;{}&#8221;]<\/p>\n<p>Lehiaketaren amaieran Finalistaren Eguna ospatzen da, Gipuzkoako eskola mendizaletasunaren festa izanik; sari banaketa eta partaide guztien artean mendiko material ugariren zozketa ere egiten da bertan. Lehentasunez ospakizunaren lekua informatuko da. Gurasoek ere parte har dezakete.<\/p>\n<p>[\/et_pb_text][\/et_pb_column][\/et_pb_row][\/et_pb_section][et_pb_section fb_built=&#8221;1&#8243; module_id=&#8221;b&#8221; _builder_version=&#8221;4.16&#8243; _module_preset=&#8221;default&#8221; custom_padding=&#8221;0px||0px|||&#8221; locked=&#8221;off&#8221; global_colors_info=&#8221;{}&#8221;][et_pb_row admin_label=&#8221;Junta directiva&#8221; module_id=&#8221;junta-directiva&#8221; _builder_version=&#8221;4.16&#8243; _module_preset=&#8221;default&#8221; custom_padding=&#8221;||||false|false&#8221; global_colors_info=&#8221;{}&#8221;][et_pb_column type=&#8221;4_4&#8243; _builder_version=&#8221;4.16&#8243; _module_preset=&#8221;default&#8221; global_colors_info=&#8221;{}&#8221;][et_pb_text _builder_version=&#8221;4.17.6&#8243; _module_preset=&#8221;default&#8221; quote_font=&#8221;|600|||||||&#8221; quote_text_color=&#8221;#35679B&#8221; header_2_font=&#8221;||on||on||||&#8221; header_2_text_color=&#8221;#4AA000&#8243; header_2_font_size=&#8221;24px&#8221; custom_margin=&#8221;||||false|false&#8221; global_colors_info=&#8221;{}&#8221;]<\/p>\n<h2>B. Mendiko gela.<\/h2>\n<h3>Gipuzkoako bidezidorrak.<\/h3>\n<blockquote>\n<p><strong>Jarduera inklusiboa:<\/strong> Partaideen gelan urritasunen bat duen ikaslerik baldin badago, berak ere parte har dezake gelakideekin. Egokituta dago ere ikastetxe desberdineko urritasuna duten ikasleekin eratutako taldeentzat. Gurasoek ere ibilbidea egin dezakete beren seme-alabekin batera. Lehentasunez jardueraren data eta tokia informatuko da.<\/p>\n<\/blockquote>\n<p>Ikastetxetik hurbilen dauden zidorrak zeharkatuz bizi diren inguruaren berezitasunak ezagutzeko aukera eskaintzen zaie eskola-umeei, besteak beste: <strong>paisaia, landaredia, arkeologia, geolog\u00eda, etab. <\/strong><\/p>\n<p><strong>Iraupena<\/strong>: egun bateko ibilaldiak.<br \/><strong>Barne<\/strong>: Talde bakoitzeko tituludun bi begirale<br \/><strong>Matrikula<\/strong>: Federazioan galdetu<\/p>\n<p>[\/et_pb_text][\/et_pb_column][\/et_pb_row][et_pb_row column_structure=&#8221;1_2,1_2&#8243; admin_label=&#8221;Junta directiva&#8221; module_id=&#8221;junta-directiva&#8221; _builder_version=&#8221;4.16&#8243; _module_preset=&#8221;default&#8221; custom_padding=&#8221;||||false|false&#8221; global_colors_info=&#8221;{}&#8221;][et_pb_column type=&#8221;1_2&#8243; _builder_version=&#8221;4.16&#8243; _module_preset=&#8221;default&#8221; global_colors_info=&#8221;{}&#8221;][et_pb_image src=&#8221;https:\/\/www.gmf.eus\/wp-content\/uploads\/2022\/01\/eskola_mendi_senderos_1.jpg&#8221; alt=&#8221;Eskola kirola&#8221; title_text=&#8221;eskola_mendi_senderos_1&#8243; _builder_version=&#8221;4.16&#8243; _module_preset=&#8221;default&#8221; global_colors_info=&#8221;{}&#8221;][\/et_pb_image][\/et_pb_column][et_pb_column type=&#8221;1_2&#8243; _builder_version=&#8221;4.16&#8243; _module_preset=&#8221;default&#8221; global_colors_info=&#8221;{}&#8221;][et_pb_image src=&#8221;https:\/\/www.gmf.eus\/wp-content\/uploads\/2022\/01\/eskola_mendi_senderos_2.jpg&#8221; alt=&#8221;deporte escolar&#8221; title_text=&#8221;eskola_mendi_senderos_2&#8243; _builder_version=&#8221;4.16&#8243; _module_preset=&#8221;default&#8221; global_colors_info=&#8221;{}&#8221;][\/et_pb_image][\/et_pb_column][\/et_pb_row][et_pb_row admin_label=&#8221;Junta directiva&#8221; module_id=&#8221;junta-directiva&#8221; _builder_version=&#8221;4.16&#8243; _module_preset=&#8221;default&#8221; custom_padding=&#8221;||||false|false&#8221; global_colors_info=&#8221;{}&#8221;][et_pb_column type=&#8221;4_4&#8243; _builder_version=&#8221;4.16&#8243; _module_preset=&#8221;default&#8221; global_colors_info=&#8221;{}&#8221;][et_pb_text _builder_version=&#8221;4.17.6&#8243; _module_preset=&#8221;default&#8221; quote_font=&#8221;|600|||||||&#8221; quote_text_color=&#8221;#35679B&#8221; header_2_font=&#8221;||on||on||||&#8221; header_2_text_color=&#8221;#4AA000&#8243; header_2_font_size=&#8221;24px&#8221; custom_margin=&#8221;||||false|false&#8221; global_colors_info=&#8221;{}&#8221;]<\/p>\n<h3>Eskaladarako hastapena.<\/h3>\n<blockquote>\n<p><strong>Jarduera inklusiboa<\/strong>: Partaideen gelan urritasunen bat duen ikaslerik baldin badago, berak ere parte har dezake gelakideekin. Egokituta dago ere ikastetxe desberdineko urritasuna duten ikasleekin eratutako taldeentzat. Gurasoek beren seme-alaben bilakaera ikus dezakete, ikusle moduan parte hartuz. Lehentasunez jardueraren data eta tokia informatuko da.<\/p>\n<\/blockquote>\n<p>Ikastetxetik gertuen dagoen rokodromoaz baliatuz, partaideek eskaladaz eta rapelaz gozatuko dute jolas izaerako jarduera gisa, eta soka eta korapiloen sekretuak ikasiko dituzte.<\/p>\n<p><strong>Iraupena<\/strong>: goiz edo arrats bateko saio praktikoa.<br \/><strong>Barne<\/strong>: talde bakoitzeko tituludun bi begirale, material teknikoaren erabilera eta rokodromorako sarrera.<br \/><strong>Matrikula<\/strong>: Federazioan galdetu<\/p>\n<p>[\/et_pb_text][\/et_pb_column][\/et_pb_row][et_pb_row column_structure=&#8221;1_2,1_2&#8243; admin_label=&#8221;Junta directiva&#8221; module_id=&#8221;junta-directiva&#8221; _builder_version=&#8221;4.16&#8243; _module_preset=&#8221;default&#8221; custom_padding=&#8221;||||false|false&#8221; global_colors_info=&#8221;{}&#8221;][et_pb_column type=&#8221;1_2&#8243; _builder_version=&#8221;4.16&#8243; _module_preset=&#8221;default&#8221; global_colors_info=&#8221;{}&#8221;][et_pb_image src=&#8221;https:\/\/www.gmf.eus\/wp-content\/uploads\/2022\/01\/eskola_mendi_escalada_1.jpg&#8221; alt=&#8221;deporte escolar escalada&#8221; title_text=&#8221;eskola_mendi_escalada_1&#8243; _builder_version=&#8221;4.16&#8243; _module_preset=&#8221;default&#8221; global_colors_info=&#8221;{}&#8221;][\/et_pb_image][\/et_pb_column][et_pb_column type=&#8221;1_2&#8243; _builder_version=&#8221;4.16&#8243; _module_preset=&#8221;default&#8221; global_colors_info=&#8221;{}&#8221;][et_pb_image src=&#8221;https:\/\/www.gmf.eus\/wp-content\/uploads\/2022\/01\/eskola_mendi_escalada_2.jpg&#8221; alt=&#8221;deporte escolar&#8221; title_text=&#8221;eskola_mendi_escalada_2&#8243; _builder_version=&#8221;4.16&#8243; _module_preset=&#8221;default&#8221; global_colors_info=&#8221;{}&#8221;][\/et_pb_image][\/et_pb_column][\/et_pb_row][et_pb_row admin_label=&#8221;Junta directiva&#8221; module_id=&#8221;junta-directiva&#8221; _builder_version=&#8221;4.16&#8243; _module_preset=&#8221;default&#8221; custom_padding=&#8221;||||false|false&#8221; global_colors_info=&#8221;{}&#8221;][et_pb_column type=&#8221;4_4&#8243; _builder_version=&#8221;4.16&#8243; _module_preset=&#8221;default&#8221; global_colors_info=&#8221;{}&#8221;][et_pb_text _builder_version=&#8221;4.17.6&#8243; _module_preset=&#8221;default&#8221; quote_font=&#8221;|600|||||||&#8221; quote_text_color=&#8221;#35679B&#8221; header_2_font=&#8221;||on||on||||&#8221; header_2_text_color=&#8221;#4AA000&#8243; header_2_font_size=&#8221;24px&#8221; custom_margin=&#8221;||||false|false&#8221; global_colors_info=&#8221;{}&#8221;]<\/p>\n<h3>Gipuzkoako parke naturalak.<\/h3>\n<blockquote>\n<p><strong>Jarduera inklusiboa:<\/strong> Partaideen gelan urritasunen bat duen ikaslerik baldin badago, berak ere parte har dezake gelakideekin.<\/p>\n<\/blockquote>\n<p>Zeharkaldiak eginez, Aizkorri, Aralar, Aiako Harria eta Pagoetako parke naturaletako bideak ibiltzeko, babestutako eremu paregabe horien edertasuna dastatu eta beren berezitasunak ezagutzeko aukera dago.<\/p>\n<p><strong>Iraupena<\/strong>: egun bateko ibilaldiak.<br \/><strong>Barne<\/strong>: talde bakoitzeko tituludun bi begirale.<br \/><strong>Matrikula<\/strong>: Federazioan galdetu<\/p>\n<p>[\/et_pb_text][\/et_pb_column][\/et_pb_row][et_pb_row column_structure=&#8221;1_2,1_2&#8243; admin_label=&#8221;Junta directiva&#8221; module_id=&#8221;junta-directiva&#8221; _builder_version=&#8221;4.16&#8243; _module_preset=&#8221;default&#8221; custom_padding=&#8221;||||false|false&#8221; global_colors_info=&#8221;{}&#8221;][et_pb_column type=&#8221;1_2&#8243; _builder_version=&#8221;4.16&#8243; _module_preset=&#8221;default&#8221; global_colors_info=&#8221;{}&#8221;][et_pb_image src=&#8221;https:\/\/www.gmf.eus\/wp-content\/uploads\/2022\/01\/eskola_mendi_parques_1.jpg&#8221; alt=&#8221;deporte escolar parques naturales&#8221; title_text=&#8221;eskola_mendi_parques_1&#8243; _builder_version=&#8221;4.16&#8243; _module_preset=&#8221;default&#8221; global_colors_info=&#8221;{}&#8221;][\/et_pb_image][\/et_pb_column][et_pb_column type=&#8221;1_2&#8243; _builder_version=&#8221;4.16&#8243; _module_preset=&#8221;default&#8221; global_colors_info=&#8221;{}&#8221;][et_pb_image src=&#8221;https:\/\/www.gmf.eus\/wp-content\/uploads\/2022\/01\/eskola_mendi_parques_2.jpg&#8221; alt=&#8221;deporte escolar parques naturales&#8221; title_text=&#8221;eskola_mendi_parques_2&#8243; _builder_version=&#8221;4.16&#8243; _module_preset=&#8221;default&#8221; global_colors_info=&#8221;{}&#8221;][\/et_pb_image][\/et_pb_column][\/et_pb_row][et_pb_row admin_label=&#8221;Junta directiva&#8221; module_id=&#8221;junta-directiva&#8221; _builder_version=&#8221;4.16&#8243; _module_preset=&#8221;default&#8221; custom_padding=&#8221;||||false|false&#8221; global_colors_info=&#8221;{}&#8221;][et_pb_column type=&#8221;4_4&#8243; _builder_version=&#8221;4.16&#8243; _module_preset=&#8221;default&#8221; global_colors_info=&#8221;{}&#8221;][et_pb_text _builder_version=&#8221;4.17.6&#8243; _module_preset=&#8221;default&#8221; quote_font=&#8221;|600|||||||&#8221; quote_text_color=&#8221;#35679B&#8221; header_2_font=&#8221;||on||on||||&#8221; header_2_text_color=&#8221;#4AA000&#8243; header_2_font_size=&#8221;24px&#8221; custom_margin=&#8221;||||false|false&#8221; global_colors_info=&#8221;{}&#8221;]<\/p>\n<h3>Mendiko orientazioa.<\/h3>\n<blockquote>\n<p><strong>Jarduera inklusiboa<\/strong>: Partaideen gelan urritasunen bat duen ikaslerik baldin badago, berak ere parte har dezake gelakideekin.<\/p>\n<\/blockquote>\n<p>Hiru maila daude:<\/p>\n<ul>\n<li><strong>1.Maila: Orientazioa eskolan.<\/strong><br \/>Iparrorratzaren laguntzaz eskola inguruko mapa irakurtzen eta bertan batetik bestera ibiltzen ikasten da.<\/li>\n<li><strong>2.Maila: Orientazioa mendian.<br \/><\/strong>Gipuzkoa izaera menditsua baliatuz, 1.maila egin duten ikasleek orientazio egokiaren eragingarritasuna benetan frogatu ahal izango dute.<\/li>\n<li><strong>3.Maila: Kirol Orientazioa.<\/strong><br \/>Helburu nagusia: Herriko parke edo naturgune batean orientazio kiroleko funtsezko kontzeptuak erakustea, orientazio jolas ezberdinen bitartez.\n<ul>\n<li>Tokiak: <strong>Oharra:<\/strong> Kirol Orientazioa praktikatzeko mapa bereziak ezinbestekoak dira. \u201cGipuzkoako Eskualde bat mapa bat\u201d egitasmoa sustatzeko, bederatzi leku esanguratsuen hainbesteko mapak gauzatu dira, beheko zerrendan adierazitakoak.<\/li>\n<li>Mapak eskuragarri daude esteka honetan: <a href=\"https:\/\/gotorientazioa.org\/tx-o-koak\/\" target=\"_blank\" rel=\"noopener\" title=\"Gotorientazioa\">https:\/\/gotorientazioa.org\/tx-o-koak\/ <\/a><\/li>\n<li>Ikastetxeak aukeratuta, eskola orientazioko tx-o-ko batean egin daiteke.. <em>Kristina Enea, Donostian. Santa Barbara, Arrasaten. Ulia, Donostian. Txaltxa-Zelai, Eibarren. Markesane, Lezon. iIbargain, Oiartzunen. San Martin, O\u00f1atin. Oiangu, Ordizian. Alondegia, Zumaian.<\/em><\/li>\n<\/ul>\n<\/li>\n<\/ul>\n<p><strong>Iraupena:<\/strong> egun bateko saio teoriko-praktikoa.<br \/><strong>Barne:<\/strong> talde bakoitzeko tituludun bi begirale eta material teknikoaren erabilera.<br \/><strong>Matrikula:<\/strong> Federazioan galdetu<\/p>\n<p>[\/et_pb_text][\/et_pb_column][\/et_pb_row][et_pb_row column_structure=&#8221;1_2,1_2&#8243; admin_label=&#8221;Junta directiva&#8221; module_id=&#8221;junta-directiva&#8221; _builder_version=&#8221;4.16&#8243; _module_preset=&#8221;default&#8221; custom_padding=&#8221;||||false|false&#8221; global_colors_info=&#8221;{}&#8221;][et_pb_column type=&#8221;1_2&#8243; _builder_version=&#8221;4.16&#8243; _module_preset=&#8221;default&#8221; global_colors_info=&#8221;{}&#8221;][et_pb_image src=&#8221;https:\/\/www.gmf.eus\/wp-content\/uploads\/2022\/01\/eskola_mendi_orientacion_1.jpg&#8221; alt=&#8221;eskola mendi orientaci\u00f3n&#8221; title_text=&#8221;eskola_mendi_orientacion_1&#8243; _builder_version=&#8221;4.16&#8243; _module_preset=&#8221;default&#8221; global_colors_info=&#8221;{}&#8221;][\/et_pb_image][\/et_pb_column][et_pb_column type=&#8221;1_2&#8243; _builder_version=&#8221;4.16&#8243; _module_preset=&#8221;default&#8221; global_colors_info=&#8221;{}&#8221;][et_pb_image src=&#8221;https:\/\/www.gmf.eus\/wp-content\/uploads\/2022\/01\/eskola_mendi_orientacion_2.jpg&#8221; alt=&#8221;deporte escolar parques naturales&#8221; title_text=&#8221;eskola_mendi_orientacion_2&#8243; _builder_version=&#8221;4.16&#8243; _module_preset=&#8221;default&#8221; global_colors_info=&#8221;{}&#8221;][\/et_pb_image][\/et_pb_column][\/et_pb_row][et_pb_row admin_label=&#8221;Junta directiva&#8221; module_id=&#8221;junta-directiva&#8221; _builder_version=&#8221;4.16&#8243; _module_preset=&#8221;default&#8221; custom_padding=&#8221;||||false|false&#8221; global_colors_info=&#8221;{}&#8221;][et_pb_column type=&#8221;4_4&#8243; _builder_version=&#8221;4.16&#8243; _module_preset=&#8221;default&#8221; global_colors_info=&#8221;{}&#8221;][et_pb_text _builder_version=&#8221;4.17.6&#8243; _module_preset=&#8221;default&#8221; quote_font=&#8221;|600|||||||&#8221; quote_text_color=&#8221;#35679B&#8221; header_2_font=&#8221;||on||on||||&#8221; header_2_text_color=&#8221;#4AA000&#8243; header_2_font_size=&#8221;24px&#8221; custom_margin=&#8221;||||false|false&#8221; global_colors_info=&#8221;{}&#8221;]<\/p>\n<h3>Abentura anitza mendiko aterpetxean.<\/h3>\n<blockquote>\n<p><strong>Jarduera inklusiboa<\/strong>: Partaideen gelan urritasunen bat duen ikaslerik baldin badago, berak ere parte har dezake gelakideekin.<\/p>\n<\/blockquote>\n<p>Mendian hasteko ikastaroak antolatzen dira Xoxote (Izarraitz), Lizarrusti (Aralar) eta Arritxulo (Aiako Harria) aterpetxeetan. Oso aproposa da partaideen arteko harremanak bultzatzeko jarduera askotarikoak gauzatzen dituzten bitartean, hala nola: eskalada, rapel, ferrata, tirolina, zubi malaysiarra, espeleologia, orientazioa eta beste hainbat jarduera zirraragarri eta dibertigarriak.<\/p>\n<p><strong>Iraupena<\/strong>: bi eguneko (gau bat) egonaldiak edo hiru egunetakoak (bi gau).<br \/><strong>Barne:<\/strong> talde bakoitzeko tituludun bi begirale, material teknikoaren erabilera eta mantenu osoko egonaldia.<br \/><strong>Matrikula<\/strong>: Federazioan galdetu<\/p>\n<p>[\/et_pb_text][\/et_pb_column][\/et_pb_row][et_pb_row column_structure=&#8221;1_2,1_2&#8243; admin_label=&#8221;Junta directiva&#8221; module_id=&#8221;junta-directiva&#8221; _builder_version=&#8221;4.16&#8243; _module_preset=&#8221;default&#8221; custom_padding=&#8221;||||false|false&#8221; global_colors_info=&#8221;{}&#8221;][et_pb_column type=&#8221;1_2&#8243; _builder_version=&#8221;4.16&#8243; _module_preset=&#8221;default&#8221; global_colors_info=&#8221;{}&#8221;][et_pb_image src=&#8221;https:\/\/www.gmf.eus\/wp-content\/uploads\/2022\/01\/eskola_mendi_multiaventura_1.jpg&#8221; alt=&#8221;eskola mendia multiaventura&#8221; title_text=&#8221;eskola_mendi_multiaventura_1&#8243; _builder_version=&#8221;4.16&#8243; _module_preset=&#8221;default&#8221; global_colors_info=&#8221;{}&#8221;][\/et_pb_image][et_pb_image src=&#8221;https:\/\/www.gmf.eus\/wp-content\/uploads\/2022\/01\/eskola_mendi_multiaventura_3.jpg&#8221; alt=&#8221;eskola mendia multiaventura&#8221; title_text=&#8221;eskola_mendi_multiaventura_3&#8243; _builder_version=&#8221;4.16&#8243; _module_preset=&#8221;default&#8221; global_colors_info=&#8221;{}&#8221;][\/et_pb_image][et_pb_image src=&#8221;https:\/\/www.gmf.eus\/wp-content\/uploads\/2022\/01\/eskola_mendi_multiaventura_5.jpg&#8221; alt=&#8221;eskola mendia multiaventura&#8221; title_text=&#8221;eskola_mendi_multiaventura_5&#8243; _builder_version=&#8221;4.16&#8243; _module_preset=&#8221;default&#8221; global_colors_info=&#8221;{}&#8221;][\/et_pb_image][\/et_pb_column][et_pb_column type=&#8221;1_2&#8243; _builder_version=&#8221;4.16&#8243; _module_preset=&#8221;default&#8221; global_colors_info=&#8221;{}&#8221;][et_pb_image src=&#8221;https:\/\/www.gmf.eus\/wp-content\/uploads\/2022\/01\/eskola_mendi_multiaventura_2.jpg&#8221; alt=&#8221;eskola mendia multiaventura&#8221; title_text=&#8221;eskola_mendi_multiaventura_2&#8243; _builder_version=&#8221;4.16&#8243; _module_preset=&#8221;default&#8221; global_colors_info=&#8221;{}&#8221;][\/et_pb_image][et_pb_image src=&#8221;https:\/\/www.gmf.eus\/wp-content\/uploads\/2022\/01\/eskola_mendi_multiaventura_4.jpg&#8221; alt=&#8221;eskola mendia multiaventura&#8221; title_text=&#8221;eskola_mendi_multiaventura_4&#8243; _builder_version=&#8221;4.16&#8243; _module_preset=&#8221;default&#8221; global_colors_info=&#8221;{}&#8221;][\/et_pb_image][et_pb_image src=&#8221;https:\/\/www.gmf.eus\/wp-content\/uploads\/2022\/01\/eskola_mendi_multiaventura_6.jpg&#8221; alt=&#8221;eskola mendia multiaventura&#8221; title_text=&#8221;eskola_mendi_multiaventura_6&#8243; _builder_version=&#8221;4.16&#8243; _module_preset=&#8221;default&#8221; global_colors_info=&#8221;{}&#8221;][\/et_pb_image][\/et_pb_column][\/et_pb_row][et_pb_row admin_label=&#8221;Junta directiva&#8221; module_id=&#8221;junta-directiva&#8221; _builder_version=&#8221;4.16&#8243; _module_preset=&#8221;default&#8221; custom_padding=&#8221;||||false|false&#8221; global_colors_info=&#8221;{}&#8221;][et_pb_column type=&#8221;4_4&#8243; _builder_version=&#8221;4.16&#8243; _module_preset=&#8221;default&#8221; global_colors_info=&#8221;{}&#8221;][et_pb_text _builder_version=&#8221;4.17.6&#8243; _module_preset=&#8221;default&#8221; quote_font=&#8221;|600|||||||&#8221; quote_text_color=&#8221;#35679B&#8221; header_2_font=&#8221;||on||on||||&#8221; header_2_text_color=&#8221;#4AA000&#8243; header_2_font_size=&#8221;24px&#8221; custom_margin=&#8221;||||false|false&#8221; global_colors_info=&#8221;{}&#8221;]<\/p>\n<h3>Espeleologia aurkitu.<\/h3>\n<blockquote>\n<p><strong>Jarduera inklusiboa<\/strong>: Partaideen gelan urritasunen bat duen ikaslerik baldin badago, berak ere parte har dezake gelakideekin.<\/p>\n<\/blockquote>\n<p>Linterna txiki batekin kobazulo baten iluntasunera sartzea, freskura sentitzea, bide estuak zeharkatzea eta harkaitzaren forma bereziak behatzea, hau da, partaideen irudimena piztuko duen mundu misteriotsuan murgiltzea da jarduera honen xedea.<\/p>\n<p><strong>Iraupena:<\/strong> goiz bateko saioa<br \/><strong>Barne<\/strong>: talde bakoitzeko tituludun bi begirale eta material teknikoaren erabilera<br \/><strong>Matrikula:<\/strong> Federazioan galdetu<\/p>\n<p>[\/et_pb_text][\/et_pb_column][\/et_pb_row][et_pb_row column_structure=&#8221;1_2,1_2&#8243; admin_label=&#8221;Junta directiva&#8221; module_id=&#8221;junta-directiva&#8221; _builder_version=&#8221;4.16&#8243; _module_preset=&#8221;default&#8221; custom_padding=&#8221;||||false|false&#8221; global_colors_info=&#8221;{}&#8221;][et_pb_column type=&#8221;1_2&#8243; _builder_version=&#8221;4.16&#8243; _module_preset=&#8221;default&#8221; global_colors_info=&#8221;{}&#8221;][et_pb_image src=&#8221;https:\/\/www.gmf.eus\/wp-content\/uploads\/2022\/01\/eskola_mendi_espeleo_1.jpg&#8221; alt=&#8221;Eskola mendi Espeleo&#8221; title_text=&#8221;eskola_mendi_espeleo_1&#8243; _builder_version=&#8221;4.16&#8243; _module_preset=&#8221;default&#8221; global_colors_info=&#8221;{}&#8221;][\/et_pb_image][\/et_pb_column][et_pb_column type=&#8221;1_2&#8243; _builder_version=&#8221;4.16&#8243; _module_preset=&#8221;default&#8221; global_colors_info=&#8221;{}&#8221;][et_pb_image src=&#8221;https:\/\/www.gmf.eus\/wp-content\/uploads\/2022\/01\/eskola_mendi_espeleo_2.jpg&#8221; alt=&#8221;Eskola mendi Espeleo&#8221; title_text=&#8221;eskola_mendi_espeleo_2&#8243; _builder_version=&#8221;4.16&#8243; _module_preset=&#8221;default&#8221; global_colors_info=&#8221;{}&#8221;][\/et_pb_image][\/et_pb_column][\/et_pb_row][\/et_pb_section][et_pb_section fb_built=&#8221;1&#8243; module_id=&#8221;c&#8221; _builder_version=&#8221;4.16&#8243; _module_preset=&#8221;default&#8221; custom_padding=&#8221;0px||0px|||&#8221; locked=&#8221;off&#8221; global_colors_info=&#8221;{}&#8221;][et_pb_row admin_label=&#8221;Junta directiva&#8221; module_id=&#8221;junta-directiva&#8221; _builder_version=&#8221;4.16&#8243; _module_preset=&#8221;default&#8221; custom_padding=&#8221;||||false|false&#8221; global_colors_info=&#8221;{}&#8221;][et_pb_column type=&#8221;4_4&#8243; _builder_version=&#8221;4.16&#8243; _module_preset=&#8221;default&#8221; global_colors_info=&#8221;{}&#8221;][et_pb_text _builder_version=&#8221;4.17.6&#8243; _module_preset=&#8221;default&#8221; quote_font=&#8221;|600|||||||&#8221; quote_text_color=&#8221;#35679B&#8221; header_2_font=&#8221;||on||on||||&#8221; header_2_text_color=&#8221;#4AA000&#8243; header_2_font_size=&#8221;24px&#8221; custom_margin=&#8221;||||false|false&#8221; global_colors_info=&#8221;{}&#8221;]<\/p>\n<h2>C. Eskaladako jardunaldiak.<\/h2>\n<blockquote><\/blockquote>\n<p>Ikasle asko dira diziplina honek ematen dituen sentsazioengatik erakarrita sentitzen direnak. Batzen dituen zaletasuna praktikatuz, ikasleek beste ikastetxeetako ikasleekin ezagutu eta elkarrekin aritzeko helburuarekin, besteekiko beren trebetasunak neurtu ditzakete antolatutako topaketan eta bouldereko bi probetan. Gurasoek beren seme-alaben bilakaera ikus dezakete, ikusle moduan parte hartuz.<\/p>\n<p>Lehentasunez ospakizunen lekuak eta datak informatuko dira.<\/p>\n<p>[\/et_pb_text][\/et_pb_column][\/et_pb_row][et_pb_row column_structure=&#8221;1_2,1_2&#8243; admin_label=&#8221;Junta directiva&#8221; module_id=&#8221;junta-directiva&#8221; _builder_version=&#8221;4.16&#8243; _module_preset=&#8221;default&#8221; custom_padding=&#8221;||||false|false&#8221; global_colors_info=&#8221;{}&#8221;][et_pb_column type=&#8221;1_2&#8243; _builder_version=&#8221;4.16&#8243; _module_preset=&#8221;default&#8221; global_colors_info=&#8221;{}&#8221;][et_pb_image src=&#8221;https:\/\/www.gmf.eus\/wp-content\/uploads\/2022\/01\/eskola_mendi_jornadas_escalada_1.jpg&#8221; alt=&#8221;eskola mendi jornadas escalada&#8221; title_text=&#8221;eskola_mendi_jornadas_escalada_1&#8243; _builder_version=&#8221;4.16&#8243; _module_preset=&#8221;default&#8221; global_colors_info=&#8221;{}&#8221;][\/et_pb_image][\/et_pb_column][et_pb_column type=&#8221;1_2&#8243; _builder_version=&#8221;4.16&#8243; _module_preset=&#8221;default&#8221; global_colors_info=&#8221;{}&#8221;][et_pb_image src=&#8221;https:\/\/www.gmf.eus\/wp-content\/uploads\/2022\/01\/eskola_mendi_jornadas_escalada_2.jpg&#8221; alt=&#8221;deporte escolar&#8221; title_text=&#8221;eskola_mendi_jornadas_escalada_2&#8243; _builder_version=&#8221;4.16&#8243; _module_preset=&#8221;default&#8221; global_colors_info=&#8221;{}&#8221;][\/et_pb_image][\/et_pb_column][\/et_pb_row][\/et_pb_section][et_pb_section fb_built=&#8221;1&#8243; module_id=&#8221;d&#8221; _builder_version=&#8221;4.16&#8243; _module_preset=&#8221;default&#8221; custom_padding=&#8221;0px||0px|||&#8221; locked=&#8221;off&#8221; global_colors_info=&#8221;{}&#8221;][et_pb_row admin_label=&#8221;Junta directiva&#8221; module_id=&#8221;junta-directiva&#8221; _builder_version=&#8221;4.16&#8243; _module_preset=&#8221;default&#8221; custom_padding=&#8221;||||false|false&#8221; global_colors_info=&#8221;{}&#8221;][et_pb_column type=&#8221;4_4&#8243; _builder_version=&#8221;4.16&#8243; _module_preset=&#8221;default&#8221; global_colors_info=&#8221;{}&#8221;][et_pb_text _builder_version=&#8221;4.17.6&#8243; _module_preset=&#8221;default&#8221; quote_font=&#8221;|600|||||||&#8221; quote_text_color=&#8221;#35679B&#8221; header_2_font=&#8221;||on||on||||&#8221; header_2_text_color=&#8221;#4AA000&#8243; header_2_font_size=&#8221;24px&#8221; custom_margin=&#8221;||||false|false&#8221; global_colors_info=&#8221;{}&#8221;]<\/p>\n<h2>D. Orientazio probak.<\/h2>\n<blockquote><\/blockquote>\n<p>Ikasleek kirol orientazioa ezagutuz eta praktikatuz gozatzeko asmoz, beste herrietako ikasleekin partekatu eta iparorratzarekin nola maparekin beren abileziak erakusteko helburuarekin, bi proba ospatuko dira. Edo bakarka edo familian parte har daiteke gurasoak beren seme-alabekin taldeak osatuz.<\/p>\n<p>Lehentasunez ospakizunen lekuak eta datak informatuko dira.<\/p>\n<p>[\/et_pb_text][\/et_pb_column][\/et_pb_row][et_pb_row column_structure=&#8221;1_2,1_2&#8243; admin_label=&#8221;Junta directiva&#8221; module_id=&#8221;junta-directiva&#8221; _builder_version=&#8221;4.18.0&#8243; _module_preset=&#8221;default&#8221; custom_padding=&#8221;||||false|false&#8221; global_colors_info=&#8221;{}&#8221;][et_pb_column type=&#8221;1_2&#8243; _builder_version=&#8221;4.16&#8243; _module_preset=&#8221;default&#8221; global_colors_info=&#8221;{}&#8221;][et_pb_image src=&#8221;https:\/\/www.gmf.eus\/wp-content\/uploads\/2022\/09\/Orientazio_proba.jpg&#8221; title_text=&#8221;Orientazio_proba&#8221; _builder_version=&#8221;4.18.0&#8243; _module_preset=&#8221;default&#8221; global_colors_info=&#8221;{}&#8221;][\/et_pb_image][\/et_pb_column][et_pb_column type=&#8221;1_2&#8243; _builder_version=&#8221;4.16&#8243; _module_preset=&#8221;default&#8221; global_colors_info=&#8221;{}&#8221;][et_pb_image src=&#8221;https:\/\/www.gmf.eus\/wp-content\/uploads\/2022\/09\/Orientazio_proba2.jpg&#8221; title_text=&#8221;Orientazio_proba2&#8243; _builder_version=&#8221;4.18.0&#8243; _module_preset=&#8221;default&#8221; global_colors_info=&#8221;{}&#8221;][\/et_pb_image][\/et_pb_column][\/et_pb_row][\/et_pb_section]<\/p>\n","protected":false},"excerpt":{"rendered":"<p>Aurkezpena Gipuzkoako Mendizale Federazioak, Gipuzkoako Foru Aldundiak sustatzen duen Eskola Mendizaletasunaren kanpainan kide izanda, egitaraua berriro aurkezten du erabat eguneratuta, jarduera berriak sartuta. Ondo bereiztutako lau ardatzek osatzen dute egitaraua: A. ESKOLARTEKO LEHIAKETAIkasleen artean Mendizaletasuna sustatzeko asmoarekin, partaideak jarritako helburuak betetzerakoan, Finalista bezala sailkatzen dira eta diploma egiaztatzailea jasotzen dute. B. MENDIKO GELA: Hastapen tailerrak.Tailer [&hellip;]<\/p>\n","protected":false},"author":1,"featured_media":0,"parent":0,"menu_order":0,"comment_status":"closed","ping_status":"closed","template":"","meta":{"_acf_changed":false,"_et_pb_use_builder":"on","_et_pb_old_content":"","_et_gb_content_width":"","footnotes":""},"class_list":["post-225151","page","type-page","status-publish","hentry"],"acf":[],"yoast_head":"<!-- This site is optimized with the Yoast SEO plugin v27.5 - https:\/\/yoast.com\/product\/yoast-seo-wordpress\/ -->\n<title>Eskola mendi - Gipuzkoako Mendizale Federazioa - Federaci\u00f3n de Monta\u00f1a de Gipuzkoa<\/title>\n<meta name=\"robots\" content=\"index, follow, max-snippet:-1, max-image-preview:large, max-video-preview:-1\" \/>\n<link rel=\"canonical\" href=\"https:\/\/www.gmf.eus\/montanismo-escolar\/\" \/>\n<meta property=\"og:locale\" content=\"eu_ES\" \/>\n<meta property=\"og:type\" content=\"article\" \/>\n<meta property=\"og:title\" content=\"Eskola mendi - Gipuzkoako Mendizale Federazioa - Federaci\u00f3n de Monta\u00f1a de Gipuzkoa\" \/>\n<meta property=\"og:description\" content=\"Aurkezpena Gipuzkoako Mendizale Federazioak, Gipuzkoako Foru Aldundiak sustatzen duen Eskola Mendizaletasunaren kanpainan kide izanda, egitaraua berriro aurkezten du erabat eguneratuta, jarduera berriak sartuta. Ondo bereiztutako lau ardatzek osatzen dute egitaraua: A. ESKOLARTEKO LEHIAKETAIkasleen artean Mendizaletasuna sustatzeko asmoarekin, partaideak jarritako helburuak betetzerakoan, Finalista bezala sailkatzen dira eta diploma egiaztatzailea jasotzen dute. B. MENDIKO GELA: Hastapen tailerrak.Tailer [&hellip;]\" \/>\n<meta property=\"og:site_name\" content=\"Gipuzkoako Mendizale Federazioa - Federaci\u00f3n de Monta\u00f1a de Gipuzkoa\" \/>\n<meta property=\"article:modified_time\" content=\"2024-12-09T13:07:29+00:00\" \/>\n<meta name=\"twitter:card\" content=\"summary_large_image\" \/>\n<meta name=\"twitter:label1\" content=\"Est. reading time\" \/>\n\t<meta name=\"twitter:data1\" content=\"17 minutes\" \/>\n<script type=\"application\/ld+json\" class=\"yoast-schema-graph\">{\"@context\":\"https:\\\/\\\/schema.org\",\"@graph\":[{\"@type\":\"WebPage\",\"@id\":\"https:\\\/\\\/www.gmf.eus\\\/montanismo-escolar\\\/\",\"url\":\"https:\\\/\\\/www.gmf.eus\\\/montanismo-escolar\\\/\",\"name\":\"Eskola mendi - Gipuzkoako Mendizale Federazioa - Federaci\u00f3n de Monta\u00f1a de Gipuzkoa\",\"isPartOf\":{\"@id\":\"https:\\\/\\\/www.gmf.eus\\\/#website\"},\"datePublished\":\"2022-07-28T10:57:05+00:00\",\"dateModified\":\"2024-12-09T13:07:29+00:00\",\"breadcrumb\":{\"@id\":\"https:\\\/\\\/www.gmf.eus\\\/montanismo-escolar\\\/#breadcrumb\"},\"inLanguage\":\"eu-ES\",\"potentialAction\":[{\"@type\":\"ReadAction\",\"target\":[\"https:\\\/\\\/www.gmf.eus\\\/montanismo-escolar\\\/\"]}]},{\"@type\":\"BreadcrumbList\",\"@id\":\"https:\\\/\\\/www.gmf.eus\\\/montanismo-escolar\\\/#breadcrumb\",\"itemListElement\":[{\"@type\":\"ListItem\",\"position\":1,\"name\":\"Portada\",\"item\":\"https:\\\/\\\/www.gmf.eus\\\/\"},{\"@type\":\"ListItem\",\"position\":2,\"name\":\"Eskola mendi\"}]},{\"@type\":\"WebSite\",\"@id\":\"https:\\\/\\\/www.gmf.eus\\\/#website\",\"url\":\"https:\\\/\\\/www.gmf.eus\\\/\",\"name\":\"Gipuzkoako Mendizale Federazioa - Federaci\u00f3n de Monta\u00f1a de Gipuzkoa\",\"description\":\"Federacion de monta\u00f1a de gipuzkoa, en la que encontrar\u00e1s noticias de escalada, cursos online, competici\u00f3n, senderismo, actualidad...\",\"publisher\":{\"@id\":\"https:\\\/\\\/www.gmf.eus\\\/#organization\"},\"potentialAction\":[{\"@type\":\"SearchAction\",\"target\":{\"@type\":\"EntryPoint\",\"urlTemplate\":\"https:\\\/\\\/www.gmf.eus\\\/?s={search_term_string}\"},\"query-input\":{\"@type\":\"PropertyValueSpecification\",\"valueRequired\":true,\"valueName\":\"search_term_string\"}}],\"inLanguage\":\"eu-ES\"},{\"@type\":\"Organization\",\"@id\":\"https:\\\/\\\/www.gmf.eus\\\/#organization\",\"name\":\"Gipuzkoako Mendizale Federazioa - Federaci\u00f3n de Monta\u00f1a de Gipuzkoa\",\"url\":\"https:\\\/\\\/www.gmf.eus\\\/\",\"logo\":{\"@type\":\"ImageObject\",\"inLanguage\":\"eu-ES\",\"@id\":\"https:\\\/\\\/www.gmf.eus\\\/#\\\/schema\\\/logo\\\/image\\\/\",\"url\":\"https:\\\/\\\/www.gmf.eus\\\/wp-content\\\/uploads\\\/2022\\\/09\\\/GMF-logo_newsletter-1.png\",\"contentUrl\":\"https:\\\/\\\/www.gmf.eus\\\/wp-content\\\/uploads\\\/2022\\\/09\\\/GMF-logo_newsletter-1.png\",\"width\":150,\"height\":68,\"caption\":\"Gipuzkoako Mendizale Federazioa - Federaci\u00f3n de Monta\u00f1a de Gipuzkoa\"},\"image\":{\"@id\":\"https:\\\/\\\/www.gmf.eus\\\/#\\\/schema\\\/logo\\\/image\\\/\"}}]}<\/script>\n<!-- \/ Yoast SEO plugin. -->","yoast_head_json":{"title":"Eskola mendi - Gipuzkoako Mendizale Federazioa - Federaci\u00f3n de Monta\u00f1a de Gipuzkoa","robots":{"index":"index","follow":"follow","max-snippet":"max-snippet:-1","max-image-preview":"max-image-preview:large","max-video-preview":"max-video-preview:-1"},"canonical":"https:\/\/www.gmf.eus\/montanismo-escolar\/","og_locale":"eu_ES","og_type":"article","og_title":"Eskola mendi - Gipuzkoako Mendizale Federazioa - Federaci\u00f3n de Monta\u00f1a de Gipuzkoa","og_description":"Aurkezpena Gipuzkoako Mendizale Federazioak, Gipuzkoako Foru Aldundiak sustatzen duen Eskola Mendizaletasunaren kanpainan kide izanda, egitaraua berriro aurkezten du erabat eguneratuta, jarduera berriak sartuta. Ondo bereiztutako lau ardatzek osatzen dute egitaraua: A. ESKOLARTEKO LEHIAKETAIkasleen artean Mendizaletasuna sustatzeko asmoarekin, partaideak jarritako helburuak betetzerakoan, Finalista bezala sailkatzen dira eta diploma egiaztatzailea jasotzen dute. B. MENDIKO GELA: Hastapen tailerrak.Tailer [&hellip;]","og_site_name":"Gipuzkoako Mendizale Federazioa - Federaci\u00f3n de Monta\u00f1a de Gipuzkoa","article_modified_time":"2024-12-09T13:07:29+00:00","twitter_card":"summary_large_image","twitter_misc":{"Est. reading time":"17 minutes"},"schema":{"@context":"https:\/\/schema.org","@graph":[{"@type":"WebPage","@id":"https:\/\/www.gmf.eus\/montanismo-escolar\/","url":"https:\/\/www.gmf.eus\/montanismo-escolar\/","name":"Eskola mendi - Gipuzkoako Mendizale Federazioa - Federaci\u00f3n de Monta\u00f1a de Gipuzkoa","isPartOf":{"@id":"https:\/\/www.gmf.eus\/#website"},"datePublished":"2022-07-28T10:57:05+00:00","dateModified":"2024-12-09T13:07:29+00:00","breadcrumb":{"@id":"https:\/\/www.gmf.eus\/montanismo-escolar\/#breadcrumb"},"inLanguage":"eu-ES","potentialAction":[{"@type":"ReadAction","target":["https:\/\/www.gmf.eus\/montanismo-escolar\/"]}]},{"@type":"BreadcrumbList","@id":"https:\/\/www.gmf.eus\/montanismo-escolar\/#breadcrumb","itemListElement":[{"@type":"ListItem","position":1,"name":"Portada","item":"https:\/\/www.gmf.eus\/"},{"@type":"ListItem","position":2,"name":"Eskola mendi"}]},{"@type":"WebSite","@id":"https:\/\/www.gmf.eus\/#website","url":"https:\/\/www.gmf.eus\/","name":"Gipuzkoako Mendizale Federazioa - Federaci\u00f3n de Monta\u00f1a de Gipuzkoa","description":"Federacion de monta\u00f1a de gipuzkoa, en la que encontrar\u00e1s noticias de escalada, cursos online, competici\u00f3n, senderismo, actualidad...","publisher":{"@id":"https:\/\/www.gmf.eus\/#organization"},"potentialAction":[{"@type":"SearchAction","target":{"@type":"EntryPoint","urlTemplate":"https:\/\/www.gmf.eus\/?s={search_term_string}"},"query-input":{"@type":"PropertyValueSpecification","valueRequired":true,"valueName":"search_term_string"}}],"inLanguage":"eu-ES"},{"@type":"Organization","@id":"https:\/\/www.gmf.eus\/#organization","name":"Gipuzkoako Mendizale Federazioa - Federaci\u00f3n de Monta\u00f1a de Gipuzkoa","url":"https:\/\/www.gmf.eus\/","logo":{"@type":"ImageObject","inLanguage":"eu-ES","@id":"https:\/\/www.gmf.eus\/#\/schema\/logo\/image\/","url":"https:\/\/www.gmf.eus\/wp-content\/uploads\/2022\/09\/GMF-logo_newsletter-1.png","contentUrl":"https:\/\/www.gmf.eus\/wp-content\/uploads\/2022\/09\/GMF-logo_newsletter-1.png","width":150,"height":68,"caption":"Gipuzkoako Mendizale Federazioa - Federaci\u00f3n de Monta\u00f1a de Gipuzkoa"},"image":{"@id":"https:\/\/www.gmf.eus\/#\/schema\/logo\/image\/"}}]}},"_links":{"self":[{"href":"https:\/\/www.gmf.eus\/eu\/wp-json\/wp\/v2\/pages\/225151","targetHints":{"allow":["GET"]}}],"collection":[{"href":"https:\/\/www.gmf.eus\/eu\/wp-json\/wp\/v2\/pages"}],"about":[{"href":"https:\/\/www.gmf.eus\/eu\/wp-json\/wp\/v2\/types\/page"}],"author":[{"embeddable":true,"href":"https:\/\/www.gmf.eus\/eu\/wp-json\/wp\/v2\/users\/1"}],"replies":[{"embeddable":true,"href":"https:\/\/www.gmf.eus\/eu\/wp-json\/wp\/v2\/comments?post=225151"}],"version-history":[{"count":0,"href":"https:\/\/www.gmf.eus\/eu\/wp-json\/wp\/v2\/pages\/225151\/revisions"}],"wp:attachment":[{"href":"https:\/\/www.gmf.eus\/eu\/wp-json\/wp\/v2\/media?parent=225151"}],"curies":[{"name":"wp","href":"https:\/\/api.w.org\/{rel}","templated":true}]}}