{"id":232154,"date":"2024-09-04T14:05:00","date_gmt":"2024-09-04T12:05:00","guid":{"rendered":"https:\/\/www.gmf.eus\/?page_id=232154"},"modified":"2026-01-26T17:21:02","modified_gmt":"2026-01-26T15:21:02","slug":"teknikarien-zerrenda","status":"publish","type":"page","link":"https:\/\/www.gmf.eus\/eu\/teknikarien-zerrenda\/","title":{"rendered":"TEKNIKARIEN ZERRENDA"},"content":{"rendered":"<p>[et_pb_section fb_built=&#8221;1&#8243; _builder_version=&#8221;4.17.3&#8243; _module_preset=&#8221;default&#8221; custom_margin=&#8221;||||false|false&#8221; custom_padding=&#8221;0px||0px|||&#8221; locked=&#8221;off&#8221; global_colors_info=&#8221;{}&#8221;][et_pb_row _builder_version=&#8221;4.18.0&#8243; _module_preset=&#8221;default&#8221; custom_padding=&#8221;||0px|||&#8221; global_colors_info=&#8221;{}&#8221;][et_pb_column type=&#8221;4_4&#8243; _builder_version=&#8221;4.16&#8243; _module_preset=&#8221;default&#8221; global_colors_info=&#8221;{}&#8221;][et_pb_post_title meta=&#8221;off&#8221; featured_image=&#8221;off&#8221; _builder_version=&#8221;4.20.0&#8243; _module_preset=&#8221;default&#8221; title_font=&#8221;|||on|||||&#8221; title_text_color=&#8221;#35679B&#8221; global_colors_info=&#8221;{}&#8221;][\/et_pb_post_title][\/et_pb_column][\/et_pb_row][et_pb_row column_structure=&#8221;1_3,1_3,1_3&#8243; _builder_version=&#8221;4.20.0&#8243; _module_preset=&#8221;default&#8221; global_colors_info=&#8221;{}&#8221;][et_pb_column type=&#8221;1_3&#8243; _builder_version=&#8221;4.20.0&#8243; _module_preset=&#8221;default&#8221; global_colors_info=&#8221;{}&#8221;][et_pb_blurb title=&#8221;Aitor Fern\u00e1ndez de Bobadilla&#8221; image=&#8221;https:\/\/www.gmf.eus\/wp-content\/uploads\/2024\/07\/Aitor-Fernandez-copia.webp&#8221; alt=&#8221;Aitor Fern\u00e1ndez&#8221; image_icon_width=&#8221;65%&#8221; image_icon_width_tablet=&#8221;65%&#8221; image_icon_width_phone=&#8221;65%&#8221; image_icon_width_last_edited=&#8221;on|tablet&#8221; _builder_version=&#8221;4.20.0&#8243; _module_preset=&#8221;default&#8221; header_line_height=&#8221;1.7em&#8221; text_orientation=&#8221;center&#8221; global_colors_info=&#8221;{}&#8221;]<strong><a href=\"#\">Eskalada irakaslea<\/a><\/strong><\/p>\n<p>Jaioterria: <strong>Donostia<\/strong><br \/>\nJaiotze data: <strong>1966<\/strong><br \/>\nMendi Elkartea: <strong>Platerotarrak M. T.<\/strong>[\/et_pb_blurb][\/et_pb_column][et_pb_column type=&#8221;1_3&#8243; _builder_version=&#8221;4.20.0&#8243; _module_preset=&#8221;default&#8221; global_colors_info=&#8221;{}&#8221;][et_pb_blurb title=&#8221;Aitor Gonz\u00e1lez Murua&#8221; image=&#8221;https:\/\/www.gmf.eus\/wp-content\/uploads\/2024\/07\/Aitor-Gonzalez-copia.webp&#8221; alt=&#8221;Aitor Gonz\u00e1lez copia&#8221; image_icon_width=&#8221;65%&#8221; image_icon_width_tablet=&#8221;65%&#8221; image_icon_width_phone=&#8221;65%&#8221; image_icon_width_last_edited=&#8221;on|tablet&#8221; _builder_version=&#8221;4.20.0&#8243; _module_preset=&#8221;default&#8221; header_line_height=&#8221;1.7em&#8221; text_orientation=&#8221;center&#8221; global_colors_info=&#8221;{}&#8221;]<a href=\"#\"><strong>Goi Mendiko TD2<br \/>\n Arroiletako TD2<\/strong><\/a><\/p>\n<p>Jaioterria: <strong>Donostia<\/strong><br \/>\nJaiotze data: <strong>1982<\/strong><br \/>\nMendi Elkartea: <strong>Donostiako Xabier M. K. E.<\/strong>[\/et_pb_blurb][\/et_pb_column][et_pb_column type=&#8221;1_3&#8243; _builder_version=&#8221;4.20.0&#8243; _module_preset=&#8221;default&#8221; global_colors_info=&#8221;{}&#8221;][et_pb_blurb title=&#8221;Aitor Rufo Elizondo&#8221; image=&#8221;https:\/\/www.gmf.eus\/wp-content\/uploads\/2024\/07\/Aitor-Rufo-copia.webp&#8221; alt=&#8221;Aitor Rufo copia&#8221; image_icon_width=&#8221;65%&#8221; image_icon_width_tablet=&#8221;65%&#8221; image_icon_width_phone=&#8221;65%&#8221; image_icon_width_last_edited=&#8221;on|tablet&#8221; _builder_version=&#8221;4.20.0&#8243; _module_preset=&#8221;default&#8221; header_line_height=&#8221;1.7em&#8221; text_orientation=&#8221;center&#8221; global_colors_info=&#8221;{}&#8221;]<strong><a href=\"#\">Goi Mendiko TD3 (UIAGM)<br \/>\nAlpetar Eskiko TD2<\/a><\/strong><\/p>\n<p>Jaioterria: <strong>Errenteria<\/strong><br \/>\nJaiotze data: <strong>1983<\/strong><br \/>\nMendi Elkartea: <strong>Urdaburu M. E.<\/strong>[\/et_pb_blurb][\/et_pb_column][\/et_pb_row][et_pb_row column_structure=&#8221;1_3,1_3,1_3&#8243; _builder_version=&#8221;4.20.0&#8243; _module_preset=&#8221;default&#8221; global_colors_info=&#8221;{}&#8221;][et_pb_column type=&#8221;1_3&#8243; _builder_version=&#8221;4.20.0&#8243; _module_preset=&#8221;default&#8221; global_colors_info=&#8221;{}&#8221;][et_pb_blurb title=&#8221;Aitzol Doyharzabal Iturralde&#8221; image=&#8221;https:\/\/www.gmf.eus\/wp-content\/uploads\/2024\/07\/Aitzol-Doyharzabal-copia.webp&#8221; alt=&#8221;Aitzol Doyharzabal &#8221; image_icon_width=&#8221;65%&#8221; image_icon_width_tablet=&#8221;65%&#8221; image_icon_width_phone=&#8221;65%&#8221; image_icon_width_last_edited=&#8221;on|tablet&#8221; _builder_version=&#8221;4.27.4&#8243; _module_preset=&#8221;default&#8221; header_line_height=&#8221;1.7em&#8221; text_orientation=&#8221;center&#8221; global_colors_info=&#8221;{}&#8221;]<\/p>\n<p><strong><a href=\"#\">Goi Mendiko TD3 (UIAGM)<br \/>Arroiletako TD2<\/a><\/strong><\/p>\n<p>Jaioterria: <strong>Ibarra<\/strong><br \/>Jaiotze data: <strong>1982<\/strong><br \/>Mendi Elkartea: <strong>Oargi M. E.<\/strong><\/p>\n<p>[\/et_pb_blurb][\/et_pb_column][et_pb_column type=&#8221;1_3&#8243; _builder_version=&#8221;4.20.0&#8243; _module_preset=&#8221;default&#8221; global_colors_info=&#8221;{}&#8221;][et_pb_blurb title=&#8221;Ander Agirre Dorronsoro&#8221; image=&#8221;https:\/\/www.gmf.eus\/wp-content\/uploads\/2024\/09\/Ander-Agirre.webp&#8221; alt=&#8221;Ander Agirre&#8221; image_icon_width=&#8221;65%&#8221; image_icon_width_tablet=&#8221;65%&#8221; image_icon_width_phone=&#8221;65%&#8221; image_icon_width_last_edited=&#8221;on|tablet&#8221; _builder_version=&#8221;4.20.0&#8243; _module_preset=&#8221;default&#8221; header_line_height=&#8221;1.7em&#8221; text_orientation=&#8221;center&#8221; global_colors_info=&#8221;{}&#8221;]<\/p>\n<p><a href=\"#\"><strong>Eskaladako TD2<\/strong><\/a><\/p>\n<p>Jaioterria: <strong>Donostia<\/strong><br \/>Jaiotze data: <strong>1983<\/strong><br \/>Mendi Elkartea: <strong>Magnesium Gasteiz M. K. T.<\/strong><\/p>\n<p>[\/et_pb_blurb][\/et_pb_column][et_pb_column type=&#8221;1_3&#8243; _builder_version=&#8221;4.20.0&#8243; _module_preset=&#8221;default&#8221; global_colors_info=&#8221;{}&#8221;][\/et_pb_column][\/et_pb_row][et_pb_row column_structure=&#8221;1_3,1_3,1_3&#8243; _builder_version=&#8221;4.20.0&#8243; _module_preset=&#8221;default&#8221; global_colors_info=&#8221;{}&#8221;][et_pb_column type=&#8221;1_3&#8243; _builder_version=&#8221;4.20.0&#8243; _module_preset=&#8221;default&#8221; global_colors_info=&#8221;{}&#8221;][et_pb_blurb title=&#8221;Iban Silvar Gil&#8221; image=&#8221;https:\/\/www.gmf.eus\/wp-content\/uploads\/2024\/07\/Iban-Silvar-copia.webp&#8221; alt=&#8221;Iban Silvar copia&#8221; image_icon_width=&#8221;65%&#8221; image_icon_width_tablet=&#8221;65%&#8221; image_icon_width_phone=&#8221;65%&#8221; image_icon_width_last_edited=&#8221;on|tablet&#8221; _builder_version=&#8221;4.20.0&#8243; _module_preset=&#8221;default&#8221; header_line_height=&#8221;1.7em&#8221; text_orientation=&#8221;center&#8221; global_colors_info=&#8221;{}&#8221;]<strong><a href=\"#\">Goi Mendiko TD3 (UIAGM)<\/a><\/strong><\/p>\n<p>Jaioterria: <strong>Arrasate<\/strong><br \/>\nJaiotze data: <strong>1975<\/strong><br \/>\nMendi Elkartea: <strong>Besaide M. E.<\/strong>[\/et_pb_blurb][\/et_pb_column][et_pb_column type=&#8221;1_3&#8243; _builder_version=&#8221;4.20.0&#8243; _module_preset=&#8221;default&#8221; global_colors_info=&#8221;{}&#8221;][et_pb_blurb title=&#8221;Iker Artola Lastra&#8221; image=&#8221;https:\/\/www.gmf.eus\/wp-content\/uploads\/2024\/07\/Iker-Artola-copia.webp&#8221; alt=&#8221;Iker Artola copia&#8221; image_icon_width=&#8221;65%&#8221; image_icon_width_tablet=&#8221;65%&#8221; image_icon_width_phone=&#8221;65%&#8221; image_icon_width_last_edited=&#8221;on|tablet&#8221; _builder_version=&#8221;4.20.0&#8243; _module_preset=&#8221;default&#8221; header_line_height=&#8221;1.7em&#8221; text_orientation=&#8221;center&#8221; global_colors_info=&#8221;{}&#8221;]<strong><a href=\"#\">Eskalada eta Alpinismo irakaslea<\/a><\/strong><\/p>\n<p>Jaioterria: <strong>Donostia<\/strong><br \/>\nJaiotze data: <strong>1974<\/strong><br \/>\nMendi Elkartea: <strong>Club Vasco de Camping Elkartea<\/strong>[\/et_pb_blurb][\/et_pb_column][et_pb_column type=&#8221;1_3&#8243; _builder_version=&#8221;4.20.0&#8243; _module_preset=&#8221;default&#8221; global_colors_info=&#8221;{}&#8221;][et_pb_blurb title=&#8221;I\u00f1aki Arakistain Arrieta&#8221; image=&#8221;https:\/\/www.gmf.eus\/wp-content\/uploads\/2024\/07\/Inaki-Arakistain-copia.webp&#8221; alt=&#8221;I\u00f1aki Arakistain copia&#8221; image_icon_width=&#8221;65%&#8221; image_icon_width_tablet=&#8221;65%&#8221; image_icon_width_phone=&#8221;65%&#8221; image_icon_width_last_edited=&#8221;on|tablet&#8221; _builder_version=&#8221;4.20.0&#8243; _module_preset=&#8221;default&#8221; header_line_height=&#8221;1.7em&#8221; text_orientation=&#8221;center&#8221; global_colors_info=&#8221;{}&#8221;]<a href=\"#\"><strong>Eskalada, Alpinismo<br \/>\neta Eski irakaslea<\/strong><\/a><\/p>\n<p>Jaioterria: <strong>Azkoitia<\/strong><br \/>\nJaiotze data: <strong>1984<\/strong><br \/>\nMendi Elkartea: <strong>Anaitasuna M. B.<\/strong>[\/et_pb_blurb][\/et_pb_column][\/et_pb_row][et_pb_row column_structure=&#8221;1_3,1_3,1_3&#8243; _builder_version=&#8221;4.20.0&#8243; _module_preset=&#8221;default&#8221; global_colors_info=&#8221;{}&#8221;][et_pb_column type=&#8221;1_3&#8243; _builder_version=&#8221;4.20.0&#8243; _module_preset=&#8221;default&#8221; global_colors_info=&#8221;{}&#8221;][et_pb_blurb title=&#8221;I\u00f1aki Arcelus San Sebasti\u00e1n&#8221; image=&#8221;https:\/\/www.gmf.eus\/wp-content\/uploads\/2024\/07\/Inaki-Arcelus-copia.webp&#8221; alt=&#8221;I\u00f1aki Arcelus copia&#8221; image_icon_width=&#8221;65%&#8221; image_icon_width_tablet=&#8221;65%&#8221; image_icon_width_phone=&#8221;65%&#8221; image_icon_width_last_edited=&#8221;on|tablet&#8221; _builder_version=&#8221;4.20.0&#8243; _module_preset=&#8221;default&#8221; header_line_height=&#8221;1.7em&#8221; text_orientation=&#8221;center&#8221; global_colors_info=&#8221;{}&#8221;]<strong><a href=\"#\">Eskaladako TD2<\/a><\/strong><\/p>\n<p>Jaioterria: <strong>Tolosa<\/strong><br \/>\nJaiotze data: <strong>1980<\/strong><br \/>\nMendi Elkartea: <strong>Oargi M. E.<\/strong>[\/et_pb_blurb][\/et_pb_column][et_pb_column type=&#8221;1_3&#8243; _builder_version=&#8221;4.20.0&#8243; _module_preset=&#8221;default&#8221; global_colors_info=&#8221;{}&#8221;][et_pb_blurb title=&#8221;I\u00f1aki Zuza Zabalegui&#8221; image=&#8221;https:\/\/www.gmf.eus\/wp-content\/uploads\/2024\/07\/Inaki-Zuza-copia.webp&#8221; alt=&#8221;I\u00f1aki Zuza copia&#8221; image_icon_width=&#8221;65%&#8221; image_icon_width_tablet=&#8221;65%&#8221; image_icon_width_phone=&#8221;65%&#8221; image_icon_width_last_edited=&#8221;on|tablet&#8221; _builder_version=&#8221;4.20.0&#8243; _module_preset=&#8221;default&#8221; header_line_height=&#8221;1.7em&#8221; text_orientation=&#8221;center&#8221; global_colors_info=&#8221;{}&#8221;]<strong><a href=\"#\">Goi Mendiko TD2<\/a><\/strong><\/p>\n<p>Jaioterria: <strong>Hernani<\/strong><br \/>\nJaiotze data: <strong>1962<\/strong><br \/>\nMendi Elkartea: <strong>Mendiriz Mendi E.<\/strong>[\/et_pb_blurb][\/et_pb_column][et_pb_column type=&#8221;1_3&#8243; _builder_version=&#8221;4.20.0&#8243; _module_preset=&#8221;default&#8221; global_colors_info=&#8221;{}&#8221;][et_pb_blurb title=&#8221;Iosu Merino Ruiz&#8221; image=&#8221;https:\/\/www.gmf.eus\/wp-content\/uploads\/2024\/07\/Iosu-Merino-copia.webp&#8221; alt=&#8221;Iosu Merino copia&#8221; image_icon_width=&#8221;65%&#8221; image_icon_width_tablet=&#8221;65%&#8221; image_icon_width_phone=&#8221;65%&#8221; image_icon_width_last_edited=&#8221;on|tablet&#8221; _builder_version=&#8221;4.20.0&#8243; _module_preset=&#8221;default&#8221; header_line_height=&#8221;1.7em&#8221; text_orientation=&#8221;center&#8221; global_colors_info=&#8221;{}&#8221;]<a href=\"#\"><strong>Eskalada eta Alpinismo irakaslea<\/strong><\/a><\/p>\n<p>Jaioterria: <strong>Elgoibar<\/strong><br \/>\nJaiotze data: <strong>1971<\/strong><br \/>\nMendi Elkartea: <strong>Morkaiko M. E.<\/strong>[\/et_pb_blurb][\/et_pb_column][\/et_pb_row][et_pb_row column_structure=&#8221;1_3,1_3,1_3&#8243; _builder_version=&#8221;4.20.0&#8243; _module_preset=&#8221;default&#8221; global_colors_info=&#8221;{}&#8221;][et_pb_column type=&#8221;1_3&#8243; _builder_version=&#8221;4.20.0&#8243; _module_preset=&#8221;default&#8221; global_colors_info=&#8221;{}&#8221;][et_pb_blurb title=&#8221;Iosu Ulazia Arrizabalaga&#8221; image=&#8221;https:\/\/www.gmf.eus\/wp-content\/uploads\/2024\/07\/Iosu-Ulazia-copia.webp&#8221; alt=&#8221;Iosu Ulazia copia&#8221; image_icon_width=&#8221;65%&#8221; image_icon_width_tablet=&#8221;65%&#8221; image_icon_width_phone=&#8221;65%&#8221; image_icon_width_last_edited=&#8221;on|tablet&#8221; _builder_version=&#8221;4.20.0&#8243; _module_preset=&#8221;default&#8221; header_line_height=&#8221;1.7em&#8221; text_orientation=&#8221;center&#8221; global_colors_info=&#8221;{}&#8221;]<strong><a href=\"#\">Eskalada, Alpinismo eta<br \/>\nEski irakaslea<\/a><\/strong><\/p>\n<p>Jaioterria: <strong>Mutriku<\/strong><br \/>\nJaiotze data: <strong>1964<\/strong><br \/>\nMendi Elkartea: <strong>Club Vasco de Camping Elkartea<\/strong>[\/et_pb_blurb][\/et_pb_column][et_pb_column type=&#8221;1_3&#8243; _builder_version=&#8221;4.20.0&#8243; _module_preset=&#8221;default&#8221; global_colors_info=&#8221;{}&#8221;][et_pb_blurb title=&#8221;Jon Mujika Iartza&#8221; image=&#8221;https:\/\/www.gmf.eus\/wp-content\/uploads\/2024\/07\/Jon-Mujika-copia.webp&#8221; alt=&#8221;Jon Mujika copia&#8221; image_icon_width=&#8221;65%&#8221; image_icon_width_tablet=&#8221;65%&#8221; image_icon_width_phone=&#8221;65%&#8221; image_icon_width_last_edited=&#8221;on|tablet&#8221; _builder_version=&#8221;4.27.5&#8243; _module_preset=&#8221;default&#8221; header_line_height=&#8221;1.7em&#8221; text_orientation=&#8221;center&#8221; hover_enabled=&#8221;0&#8243; global_colors_info=&#8221;{}&#8221; sticky_enabled=&#8221;0&#8243;]<\/p>\n<p><strong><a href=\"#\">Eskalada eta Alpinismo irakaslea<\/a><\/strong><\/p>\n<p>Jaioterria: <strong>Lasarte-Oria<\/strong><br \/>Jaiotze data: <strong>1975<\/strong><br \/>Mendi Elkartea: <strong>Ostadar Saiarre K.T.<\/strong><\/p>\n<p>[\/et_pb_blurb][\/et_pb_column][et_pb_column type=&#8221;1_3&#8243; _builder_version=&#8221;4.20.0&#8243; _module_preset=&#8221;default&#8221; global_colors_info=&#8221;{}&#8221;][et_pb_blurb title=&#8221;Joseba Ugalde Ega\u00f1a&#8221; image=&#8221;https:\/\/www.gmf.eus\/wp-content\/uploads\/2024\/07\/Joseba-Ugalde-copia.webp&#8221; alt=&#8221;Joseba Ugalde copia&#8221; image_icon_width=&#8221;65%&#8221; image_icon_width_tablet=&#8221;65%&#8221; image_icon_width_phone=&#8221;65%&#8221; image_icon_width_last_edited=&#8221;on|tablet&#8221; _builder_version=&#8221;4.20.0&#8243; _module_preset=&#8221;default&#8221; header_line_height=&#8221;1.7em&#8221; text_orientation=&#8221;center&#8221; global_colors_info=&#8221;{}&#8221;]<a href=\"#\"><strong>Goi Mendiko TD2<\/strong><\/a><\/p>\n<p>Jaioterria: <strong>O\u00f1ati<\/strong><br \/>\nJaiotze data: <strong>1961<\/strong><br \/>\nMendi Elkartea: <strong>Club Vasco de Camping Elkartea<\/strong>[\/et_pb_blurb][\/et_pb_column][\/et_pb_row][et_pb_row column_structure=&#8221;1_3,1_3,1_3&#8243; _builder_version=&#8221;4.20.0&#8243; _module_preset=&#8221;default&#8221; global_colors_info=&#8221;{}&#8221;][et_pb_column type=&#8221;1_3&#8243; _builder_version=&#8221;4.20.0&#8243; _module_preset=&#8221;default&#8221; global_colors_info=&#8221;{}&#8221;][et_pb_blurb title=&#8221;Martin Elorza Alday&#8221; image=&#8221;https:\/\/www.gmf.eus\/wp-content\/uploads\/2024\/07\/Martin-Elorza-copia.webp&#8221; alt=&#8221;Martin Elorza copia&#8221; image_icon_width=&#8221;65%&#8221; image_icon_width_tablet=&#8221;65%&#8221; image_icon_width_phone=&#8221;65%&#8221; image_icon_width_last_edited=&#8221;on|tablet&#8221; _builder_version=&#8221;4.20.0&#8243; _module_preset=&#8221;default&#8221; header_line_height=&#8221;1.7em&#8221; text_orientation=&#8221;center&#8221; global_colors_info=&#8221;{}&#8221;]<strong><a href=\"#\">Goi Mendiko TD3 (UIAGM)<br \/>\nArroiletako TD2<\/a><\/strong><\/p>\n<p>Jaioterria: <strong>Donostia<\/strong><br \/>\nJaiotze data: <strong>1967<\/strong><br \/>\nMendi Elkartea: <strong>Club Vasco de Camping Elkartea<\/strong>[\/et_pb_blurb][\/et_pb_column][et_pb_column type=&#8221;1_3&#8243; _builder_version=&#8221;4.20.0&#8243; _module_preset=&#8221;default&#8221; global_colors_info=&#8221;{}&#8221;][et_pb_blurb title=&#8221;Martin Pala&#8221; image=&#8221;https:\/\/www.gmf.eus\/wp-content\/uploads\/2024\/07\/Martin-Pala-copia.webp&#8221; alt=&#8221;Martin Pala copia&#8221; image_icon_width=&#8221;65%&#8221; image_icon_width_tablet=&#8221;65%&#8221; image_icon_width_phone=&#8221;65%&#8221; image_icon_width_last_edited=&#8221;on|tablet&#8221; _builder_version=&#8221;4.20.0&#8243; _module_preset=&#8221;default&#8221; header_line_height=&#8221;1.7em&#8221; text_orientation=&#8221;center&#8221; global_colors_info=&#8221;{}&#8221;]<strong><a href=\"#\">Goi Mendiko TD3 (UIAGM)<br \/>\nAlpetar Eskiko TD1<\/a><\/strong><\/p>\n<p>Jaioterria: <strong>Eslovaquia<\/strong><br \/>\nJaiotze data: <strong>1981<\/strong><br \/>\nMendi Elkartea: <strong>Andatza M.K. K.<\/strong>[\/et_pb_blurb][\/et_pb_column][et_pb_column type=&#8221;1_3&#8243; _builder_version=&#8221;4.20.0&#8243; _module_preset=&#8221;default&#8221; global_colors_info=&#8221;{}&#8221;][et_pb_blurb title=&#8221;Mikel Ajuria Pis\u00f3n&#8221; image=&#8221;https:\/\/www.gmf.eus\/wp-content\/uploads\/2024\/07\/Mikel-Ajuria-copia.webp&#8221; alt=&#8221;Mikel Ajuria copia&#8221; image_icon_width=&#8221;65%&#8221; image_icon_width_tablet=&#8221;65%&#8221; image_icon_width_phone=&#8221;65%&#8221; image_icon_width_last_edited=&#8221;on|tablet&#8221; _builder_version=&#8221;4.20.0&#8243; _module_preset=&#8221;default&#8221; header_line_height=&#8221;1.7em&#8221; text_orientation=&#8221;center&#8221; global_colors_info=&#8221;{}&#8221;]<a href=\"#\"><strong>Goi Mendiko TD2<\/strong><\/a><\/p>\n<p>Jaioterria: <strong>Oiartzun<\/strong><br \/>\nJaiotze data: <strong>1982<\/strong><br \/>\nMendi Elkartea: <strong>Girizia M. E.<\/strong>[\/et_pb_blurb][\/et_pb_column][\/et_pb_row][et_pb_row column_structure=&#8221;1_3,1_3,1_3&#8243; _builder_version=&#8221;4.20.0&#8243; _module_preset=&#8221;default&#8221; global_colors_info=&#8221;{}&#8221;][et_pb_column type=&#8221;1_3&#8243; _builder_version=&#8221;4.20.0&#8243; _module_preset=&#8221;default&#8221; global_colors_info=&#8221;{}&#8221;][et_pb_blurb title=&#8221;Mikel Martiarena Barkaiztegi&#8221; image=&#8221;https:\/\/www.gmf.eus\/wp-content\/uploads\/2024\/07\/Mikel-Martiarena-copia.webp&#8221; alt=&#8221;Mikel Martiarena copia&#8221; image_icon_width=&#8221;65%&#8221; image_icon_width_tablet=&#8221;65%&#8221; image_icon_width_phone=&#8221;65%&#8221; image_icon_width_last_edited=&#8221;on|tablet&#8221; _builder_version=&#8221;4.27.4&#8243; _module_preset=&#8221;default&#8221; header_line_height=&#8221;1.7em&#8221; text_orientation=&#8221;center&#8221; global_colors_info=&#8221;{}&#8221;]<strong><a href=\"#\">Eskaladako TD2<\/a><\/strong><br \/>\n<strong><a href=\"#\">Alpinismo eta Eski irakaslea<\/a><\/strong><\/p>\n<p>Jaioterria: <strong>Urnieta<\/strong><br \/>\nJaiotze data: <strong>1973<\/strong><br \/>\nMendi Elkartea: <strong>Zanpatuz M. E.<\/strong>[\/et_pb_blurb][\/et_pb_column][et_pb_column type=&#8221;1_3&#8243; _builder_version=&#8221;4.20.0&#8243; _module_preset=&#8221;default&#8221; global_colors_info=&#8221;{}&#8221;][et_pb_blurb title=&#8221;Oxel Arrieta Balanzategi&#8221; image=&#8221;https:\/\/www.gmf.eus\/wp-content\/uploads\/2024\/07\/Oxel-Arrieta-copia.webp&#8221; alt=&#8221;Oxel Arrieta copia&#8221; image_icon_width=&#8221;65%&#8221; image_icon_width_tablet=&#8221;65%&#8221; image_icon_width_phone=&#8221;65%&#8221; image_icon_width_last_edited=&#8221;on|tablet&#8221; _builder_version=&#8221;4.20.0&#8243; _module_preset=&#8221;default&#8221; header_line_height=&#8221;1.7em&#8221; text_orientation=&#8221;center&#8221; global_colors_info=&#8221;{}&#8221;]<strong><a href=\"#\">Arroiletako TD2<br \/>\nAlpetar Eskiko TD2<\/a><\/strong><\/p>\n<p>Jaioterria: <strong>Arrasate<\/strong><br \/>\nJaiotze data: <strong>1980<\/strong><br \/>\nMendi Elkartea: <strong>Besaide M. E.<\/strong>[\/et_pb_blurb][\/et_pb_column][et_pb_column type=&#8221;1_3&#8243; _builder_version=&#8221;4.20.0&#8243; _module_preset=&#8221;default&#8221; global_colors_info=&#8221;{}&#8221;][et_pb_blurb title=&#8221;Pablo Go\u00f1i Mart\u00ednez&#8221; image=&#8221;https:\/\/www.gmf.eus\/wp-content\/uploads\/2024\/07\/Pablo-Goni-copia.webp&#8221; alt=&#8221;Pablo Go\u00f1i copia&#8221; image_icon_width=&#8221;65%&#8221; image_icon_width_tablet=&#8221;65%&#8221; image_icon_width_phone=&#8221;65%&#8221; image_icon_width_last_edited=&#8221;on|tablet&#8221; _builder_version=&#8221;4.20.0&#8243; _module_preset=&#8221;default&#8221; header_line_height=&#8221;1.7em&#8221; text_orientation=&#8221;center&#8221; global_colors_info=&#8221;{}&#8221;]<a href=\"#\"><strong>Eskalada, Alpinismo eta<br \/>\nEski irakaslea<\/strong><\/a><\/p>\n<p>Jaioterria: <strong>Donostia<\/strong><br \/>\nJaiotze data: <strong>1972<\/strong><br \/>\nMendi Elkartea: <strong>Club Vasco de Camping Elkartea<\/strong>[\/et_pb_blurb][\/et_pb_column][\/et_pb_row][et_pb_row column_structure=&#8221;1_3,1_3,1_3&#8243; _builder_version=&#8221;4.20.0&#8243; _module_preset=&#8221;default&#8221; global_colors_info=&#8221;{}&#8221;][et_pb_column type=&#8221;1_3&#8243; _builder_version=&#8221;4.20.0&#8243; _module_preset=&#8221;default&#8221; global_colors_info=&#8221;{}&#8221;][et_pb_blurb title=&#8221;Patri Espinar Labi\u00e1n&#8221; image=&#8221;https:\/\/www.gmf.eus\/wp-content\/uploads\/2024\/07\/Patri-Espinar-copia.webp&#8221; alt=&#8221;Patri Espinar copia&#8221; image_icon_width=&#8221;65%&#8221; image_icon_width_tablet=&#8221;65%&#8221; image_icon_width_phone=&#8221;65%&#8221; image_icon_width_last_edited=&#8221;on|tablet&#8221; _builder_version=&#8221;4.20.0&#8243; _module_preset=&#8221;default&#8221; header_line_height=&#8221;1.7em&#8221; text_orientation=&#8221;center&#8221; global_colors_info=&#8221;{}&#8221;]<strong><a href=\"#\">Arroiletako TD2<br \/>\nMendi Ertaineko TD2<\/a><\/strong><\/p>\n<p>Jaioterria: <strong>Usansolo<\/strong><br \/>\nJaiotze data: <strong>1985<\/strong><br \/>\nMendi Elkartea: <strong>Plaza Emakumeak K. K.<\/strong>[\/et_pb_blurb][\/et_pb_column][et_pb_column type=&#8221;1_3&#8243; _builder_version=&#8221;4.20.0&#8243; _module_preset=&#8221;default&#8221; global_colors_info=&#8221;{}&#8221;][et_pb_blurb title=&#8221;Rafa Zuza Elosegui&#8221; image=&#8221;https:\/\/www.gmf.eus\/wp-content\/uploads\/2024\/07\/Rafa-Zuza-copia.webp&#8221; alt=&#8221;Rafa Zuza copia&#8221; image_icon_width=&#8221;65%&#8221; image_icon_width_tablet=&#8221;65%&#8221; image_icon_width_phone=&#8221;65%&#8221; image_icon_width_last_edited=&#8221;on|tablet&#8221; _builder_version=&#8221;4.20.0&#8243; _module_preset=&#8221;default&#8221; header_line_height=&#8221;1.7em&#8221; text_orientation=&#8221;center&#8221; global_colors_info=&#8221;{}&#8221;]<strong><a href=\"#\">Eskaladako TD2<\/a><\/strong><\/p>\n<p>Jaioterria: <strong>Hernani<\/strong><br \/>\nJaiotze data: <strong>1978<\/strong><br \/>\nMendi Elkartea: <strong>Mendiriz Mendi E.<\/strong>[\/et_pb_blurb][\/et_pb_column][et_pb_column type=&#8221;1_3&#8243; _builder_version=&#8221;4.20.0&#8243; _module_preset=&#8221;default&#8221; global_colors_info=&#8221;{}&#8221;][et_pb_blurb title=&#8221;Ra\u00fal D\u00edaz Esteban&#8221; image=&#8221;https:\/\/www.gmf.eus\/wp-content\/uploads\/2024\/07\/Raul-Diaz-copia.webp&#8221; alt=&#8221;Ra\u00fal D\u00edaz copia&#8221; image_icon_width=&#8221;65%&#8221; image_icon_width_tablet=&#8221;65%&#8221; image_icon_width_phone=&#8221;65%&#8221; image_icon_width_last_edited=&#8221;on|tablet&#8221; _builder_version=&#8221;4.20.0&#8243; _module_preset=&#8221;default&#8221; header_line_height=&#8221;1.7em&#8221; text_orientation=&#8221;center&#8221; global_colors_info=&#8221;{}&#8221;]<a href=\"#\"><strong>Eskalada eta Alpinismo irakaslea<\/strong><\/a><\/p>\n<p>Jaioterria: <strong>Donostia<\/strong><br \/>\nJaiotze data: <strong>1972<\/strong><br \/>\nMendi Elkartea: <strong>Club Vasco de Camping Elkartea<\/strong>[\/et_pb_blurb][\/et_pb_column][\/et_pb_row][\/et_pb_section]<\/p>\n","protected":false},"excerpt":{"rendered":"<p>Eskalada irakaslea Jaioterria: Donostia Jaiotze data: 1966 Mendi Elkartea: Platerotarrak M. T.Goi Mendiko TD2 Arroiletako TD2 Jaioterria: Donostia Jaiotze data: 1982 Mendi Elkartea: Donostiako Xabier M. K. E.Goi Mendiko TD3 (UIAGM) Alpetar Eskiko TD2 Jaioterria: Errenteria Jaiotze data: 1983 Mendi Elkartea: Urdaburu M. E.Goi Mendiko TD3 (UIAGM)Arroiletako TD2 Jaioterria: IbarraJaiotze data: 1982Mendi Elkartea: Oargi M. [&hellip;]<\/p>\n","protected":false},"author":1,"featured_media":0,"parent":0,"menu_order":0,"comment_status":"closed","ping_status":"closed","template":"","meta":{"_acf_changed":false,"_et_pb_use_builder":"on","_et_pb_old_content":"","_et_gb_content_width":"","footnotes":""},"class_list":["post-232154","page","type-page","status-publish","hentry"],"acf":[],"yoast_head":"<!-- This site is optimized with the Yoast SEO plugin v27.5 - https:\/\/yoast.com\/product\/yoast-seo-wordpress\/ -->\n<title>TEKNIKARIEN ZERRENDA - Gipuzkoako Mendizale Federazioa - Federaci\u00f3n de Monta\u00f1a de Gipuzkoa<\/title>\n<meta name=\"robots\" content=\"index, follow, max-snippet:-1, max-image-preview:large, max-video-preview:-1\" \/>\n<link rel=\"canonical\" href=\"https:\/\/www.gmf.eus\/tecnikarien-zerrenda\/\" \/>\n<meta property=\"og:locale\" content=\"eu_ES\" \/>\n<meta property=\"og:type\" content=\"article\" \/>\n<meta property=\"og:title\" content=\"TEKNIKARIEN ZERRENDA - Gipuzkoako Mendizale Federazioa - Federaci\u00f3n de Monta\u00f1a de Gipuzkoa\" \/>\n<meta property=\"og:description\" content=\"Eskalada irakaslea Jaioterria: Donostia Jaiotze data: 1966 Mendi Elkartea: Platerotarrak M. T.Goi Mendiko TD2 Arroiletako TD2 Jaioterria: Donostia Jaiotze data: 1982 Mendi Elkartea: Donostiako Xabier M. K. E.Goi Mendiko TD3 (UIAGM) Alpetar Eskiko TD2 Jaioterria: Errenteria Jaiotze data: 1983 Mendi Elkartea: Urdaburu M. E.Goi Mendiko TD3 (UIAGM)Arroiletako TD2 Jaioterria: IbarraJaiotze data: 1982Mendi Elkartea: Oargi M. [&hellip;]\" \/>\n<meta property=\"og:site_name\" content=\"Gipuzkoako Mendizale Federazioa - Federaci\u00f3n de Monta\u00f1a de Gipuzkoa\" \/>\n<meta property=\"article:modified_time\" content=\"2026-01-26T15:21:02+00:00\" \/>\n<meta name=\"twitter:card\" content=\"summary_large_image\" \/>\n<meta name=\"twitter:label1\" content=\"Est. reading time\" \/>\n\t<meta name=\"twitter:data1\" content=\"5 minutes\" \/>\n<script type=\"application\/ld+json\" class=\"yoast-schema-graph\">{\"@context\":\"https:\\\/\\\/schema.org\",\"@graph\":[{\"@type\":\"WebPage\",\"@id\":\"https:\\\/\\\/www.gmf.eus\\\/tecnikarien-zerrenda\\\/\",\"url\":\"https:\\\/\\\/www.gmf.eus\\\/tecnikarien-zerrenda\\\/\",\"name\":\"TEKNIKARIEN ZERRENDA - Gipuzkoako Mendizale Federazioa - Federaci\u00f3n de Monta\u00f1a de Gipuzkoa\",\"isPartOf\":{\"@id\":\"https:\\\/\\\/www.gmf.eus\\\/#website\"},\"datePublished\":\"2024-09-04T12:05:00+00:00\",\"dateModified\":\"2026-01-26T15:21:02+00:00\",\"breadcrumb\":{\"@id\":\"https:\\\/\\\/www.gmf.eus\\\/tecnikarien-zerrenda\\\/#breadcrumb\"},\"inLanguage\":\"eu-ES\",\"potentialAction\":[{\"@type\":\"ReadAction\",\"target\":[\"https:\\\/\\\/www.gmf.eus\\\/tecnikarien-zerrenda\\\/\"]}]},{\"@type\":\"BreadcrumbList\",\"@id\":\"https:\\\/\\\/www.gmf.eus\\\/tecnikarien-zerrenda\\\/#breadcrumb\",\"itemListElement\":[{\"@type\":\"ListItem\",\"position\":1,\"name\":\"Portada\",\"item\":\"https:\\\/\\\/www.gmf.eus\\\/\"},{\"@type\":\"ListItem\",\"position\":2,\"name\":\"TEKNIKARIEN ZERRENDA\"}]},{\"@type\":\"WebSite\",\"@id\":\"https:\\\/\\\/www.gmf.eus\\\/#website\",\"url\":\"https:\\\/\\\/www.gmf.eus\\\/\",\"name\":\"Gipuzkoako Mendizale Federazioa - Federaci\u00f3n de Monta\u00f1a de Gipuzkoa\",\"description\":\"Federacion de monta\u00f1a de gipuzkoa, en la que encontrar\u00e1s noticias de escalada, cursos online, competici\u00f3n, senderismo, actualidad...\",\"publisher\":{\"@id\":\"https:\\\/\\\/www.gmf.eus\\\/#organization\"},\"potentialAction\":[{\"@type\":\"SearchAction\",\"target\":{\"@type\":\"EntryPoint\",\"urlTemplate\":\"https:\\\/\\\/www.gmf.eus\\\/?s={search_term_string}\"},\"query-input\":{\"@type\":\"PropertyValueSpecification\",\"valueRequired\":true,\"valueName\":\"search_term_string\"}}],\"inLanguage\":\"eu-ES\"},{\"@type\":\"Organization\",\"@id\":\"https:\\\/\\\/www.gmf.eus\\\/#organization\",\"name\":\"Gipuzkoako Mendizale Federazioa - Federaci\u00f3n de Monta\u00f1a de Gipuzkoa\",\"url\":\"https:\\\/\\\/www.gmf.eus\\\/\",\"logo\":{\"@type\":\"ImageObject\",\"inLanguage\":\"eu-ES\",\"@id\":\"https:\\\/\\\/www.gmf.eus\\\/#\\\/schema\\\/logo\\\/image\\\/\",\"url\":\"https:\\\/\\\/www.gmf.eus\\\/wp-content\\\/uploads\\\/2022\\\/09\\\/GMF-logo_newsletter-1.png\",\"contentUrl\":\"https:\\\/\\\/www.gmf.eus\\\/wp-content\\\/uploads\\\/2022\\\/09\\\/GMF-logo_newsletter-1.png\",\"width\":150,\"height\":68,\"caption\":\"Gipuzkoako Mendizale Federazioa - Federaci\u00f3n de Monta\u00f1a de Gipuzkoa\"},\"image\":{\"@id\":\"https:\\\/\\\/www.gmf.eus\\\/#\\\/schema\\\/logo\\\/image\\\/\"}}]}<\/script>\n<!-- \/ Yoast SEO plugin. -->","yoast_head_json":{"title":"TEKNIKARIEN ZERRENDA - Gipuzkoako Mendizale Federazioa - Federaci\u00f3n de Monta\u00f1a de Gipuzkoa","robots":{"index":"index","follow":"follow","max-snippet":"max-snippet:-1","max-image-preview":"max-image-preview:large","max-video-preview":"max-video-preview:-1"},"canonical":"https:\/\/www.gmf.eus\/tecnikarien-zerrenda\/","og_locale":"eu_ES","og_type":"article","og_title":"TEKNIKARIEN ZERRENDA - Gipuzkoako Mendizale Federazioa - Federaci\u00f3n de Monta\u00f1a de Gipuzkoa","og_description":"Eskalada irakaslea Jaioterria: Donostia Jaiotze data: 1966 Mendi Elkartea: Platerotarrak M. T.Goi Mendiko TD2 Arroiletako TD2 Jaioterria: Donostia Jaiotze data: 1982 Mendi Elkartea: Donostiako Xabier M. K. E.Goi Mendiko TD3 (UIAGM) Alpetar Eskiko TD2 Jaioterria: Errenteria Jaiotze data: 1983 Mendi Elkartea: Urdaburu M. E.Goi Mendiko TD3 (UIAGM)Arroiletako TD2 Jaioterria: IbarraJaiotze data: 1982Mendi Elkartea: Oargi M. [&hellip;]","og_site_name":"Gipuzkoako Mendizale Federazioa - Federaci\u00f3n de Monta\u00f1a de Gipuzkoa","article_modified_time":"2026-01-26T15:21:02+00:00","twitter_card":"summary_large_image","twitter_misc":{"Est. reading time":"5 minutes"},"schema":{"@context":"https:\/\/schema.org","@graph":[{"@type":"WebPage","@id":"https:\/\/www.gmf.eus\/tecnikarien-zerrenda\/","url":"https:\/\/www.gmf.eus\/tecnikarien-zerrenda\/","name":"TEKNIKARIEN ZERRENDA - Gipuzkoako Mendizale Federazioa - Federaci\u00f3n de Monta\u00f1a de Gipuzkoa","isPartOf":{"@id":"https:\/\/www.gmf.eus\/#website"},"datePublished":"2024-09-04T12:05:00+00:00","dateModified":"2026-01-26T15:21:02+00:00","breadcrumb":{"@id":"https:\/\/www.gmf.eus\/tecnikarien-zerrenda\/#breadcrumb"},"inLanguage":"eu-ES","potentialAction":[{"@type":"ReadAction","target":["https:\/\/www.gmf.eus\/tecnikarien-zerrenda\/"]}]},{"@type":"BreadcrumbList","@id":"https:\/\/www.gmf.eus\/tecnikarien-zerrenda\/#breadcrumb","itemListElement":[{"@type":"ListItem","position":1,"name":"Portada","item":"https:\/\/www.gmf.eus\/"},{"@type":"ListItem","position":2,"name":"TEKNIKARIEN ZERRENDA"}]},{"@type":"WebSite","@id":"https:\/\/www.gmf.eus\/#website","url":"https:\/\/www.gmf.eus\/","name":"Gipuzkoako Mendizale Federazioa - Federaci\u00f3n de Monta\u00f1a de Gipuzkoa","description":"Federacion de monta\u00f1a de gipuzkoa, en la que encontrar\u00e1s noticias de escalada, cursos online, competici\u00f3n, senderismo, actualidad...","publisher":{"@id":"https:\/\/www.gmf.eus\/#organization"},"potentialAction":[{"@type":"SearchAction","target":{"@type":"EntryPoint","urlTemplate":"https:\/\/www.gmf.eus\/?s={search_term_string}"},"query-input":{"@type":"PropertyValueSpecification","valueRequired":true,"valueName":"search_term_string"}}],"inLanguage":"eu-ES"},{"@type":"Organization","@id":"https:\/\/www.gmf.eus\/#organization","name":"Gipuzkoako Mendizale Federazioa - Federaci\u00f3n de Monta\u00f1a de Gipuzkoa","url":"https:\/\/www.gmf.eus\/","logo":{"@type":"ImageObject","inLanguage":"eu-ES","@id":"https:\/\/www.gmf.eus\/#\/schema\/logo\/image\/","url":"https:\/\/www.gmf.eus\/wp-content\/uploads\/2022\/09\/GMF-logo_newsletter-1.png","contentUrl":"https:\/\/www.gmf.eus\/wp-content\/uploads\/2022\/09\/GMF-logo_newsletter-1.png","width":150,"height":68,"caption":"Gipuzkoako Mendizale Federazioa - Federaci\u00f3n de Monta\u00f1a de Gipuzkoa"},"image":{"@id":"https:\/\/www.gmf.eus\/#\/schema\/logo\/image\/"}}]}},"_links":{"self":[{"href":"https:\/\/www.gmf.eus\/eu\/wp-json\/wp\/v2\/pages\/232154","targetHints":{"allow":["GET"]}}],"collection":[{"href":"https:\/\/www.gmf.eus\/eu\/wp-json\/wp\/v2\/pages"}],"about":[{"href":"https:\/\/www.gmf.eus\/eu\/wp-json\/wp\/v2\/types\/page"}],"author":[{"embeddable":true,"href":"https:\/\/www.gmf.eus\/eu\/wp-json\/wp\/v2\/users\/1"}],"replies":[{"embeddable":true,"href":"https:\/\/www.gmf.eus\/eu\/wp-json\/wp\/v2\/comments?post=232154"}],"version-history":[{"count":3,"href":"https:\/\/www.gmf.eus\/eu\/wp-json\/wp\/v2\/pages\/232154\/revisions"}],"predecessor-version":[{"id":235347,"href":"https:\/\/www.gmf.eus\/eu\/wp-json\/wp\/v2\/pages\/232154\/revisions\/235347"}],"wp:attachment":[{"href":"https:\/\/www.gmf.eus\/eu\/wp-json\/wp\/v2\/media?parent=232154"}],"curies":[{"name":"wp","href":"https:\/\/api.w.org\/{rel}","templated":true}]}}